{"id":5961,"date":"2026-02-23T15:29:31","date_gmt":"2026-02-23T14:29:31","guid":{"rendered":"https:\/\/stolpersteine-mainz.de\/?page_id=5961"},"modified":"2026-02-23T15:29:31","modified_gmt":"2026-02-23T14:29:31","slug":"dr-siegmund-levi","status":"publish","type":"page","link":"https:\/\/stolpersteine-mainz.de\/index.php\/stolpersteine-in-mainz\/biografien\/dr-siegmund-levi\/","title":{"rendered":"Dr. Siegmund Levi"},"content":{"rendered":"\n<div class=\"wp-block-columns is-layout-flex wp-container-core-columns-is-layout-9d6595d7 wp-block-columns-is-layout-flex\">\n<div class=\"wp-block-column is-layout-flow wp-block-column-is-layout-flow\">\n<br>\n\n\n\n<div class=\"wp-block-columns is-layout-flex wp-container-core-columns-is-layout-9d6595d7 wp-block-columns-is-layout-flex\">\n<div class=\"wp-block-column is-layout-flow wp-block-column-is-layout-flow\">\n<figure class=\"wp-block-image size-large is-resized\"><img loading=\"lazy\" decoding=\"async\" width=\"967\" height=\"1024\" src=\"https:\/\/stolpersteine-mainz.de\/wp-content\/uploads\/2026\/02\/Dr.Siegmund_Levi-1-967x1024.jpg\" alt=\"\" class=\"wp-image-5969\" style=\"width:350px\" srcset=\"https:\/\/stolpersteine-mainz.de\/wp-content\/uploads\/2026\/02\/Dr.Siegmund_Levi-1-967x1024.jpg 967w, https:\/\/stolpersteine-mainz.de\/wp-content\/uploads\/2026\/02\/Dr.Siegmund_Levi-1-283x300.jpg 283w, https:\/\/stolpersteine-mainz.de\/wp-content\/uploads\/2026\/02\/Dr.Siegmund_Levi-1-768x813.jpg 768w, https:\/\/stolpersteine-mainz.de\/wp-content\/uploads\/2026\/02\/Dr.Siegmund_Levi-1-1451x1536.jpg 1451w, https:\/\/stolpersteine-mainz.de\/wp-content\/uploads\/2026\/02\/Dr.Siegmund_Levi-1-142x150.jpg 142w, https:\/\/stolpersteine-mainz.de\/wp-content\/uploads\/2026\/02\/Dr.Siegmund_Levi-1.jpg 1766w\" sizes=\"auto, (max-width: 967px) 100vw, 967px\" \/><\/figure>\n<\/div>\n\n\n\n<div class=\"wp-block-column is-layout-flow wp-block-column-is-layout-flow\">\n<br>\n\n\n\n<h3 class=\"wp-block-heading\" id=\"kurzbiografie\">Dr. Siegmund Levi<\/h3>\n\n\n\n<ul class=\"wp-block-list\">\n<li>geboren am 14. Juni 1864 in Mainz<\/li>\n\n\n\n<li>ermordet am 21. Februar 1943 in Theresienstadt<\/li>\n<\/ul>\n<\/div>\n<\/div>\n\n\n\n<br>\n\n\n\n<blockquote class=\"wp-block-quote is-layout-flow wp-block-quote-is-layout-flow\">\n<p><\/p>\n\n\n\n<p><em>Politisch nicht hervorgetreten, galt fr\u00fcher als national gesinnter Jude.<\/em><\/p>\n<\/blockquote>\n\n\n\n<p class=\"has-text-align-center\"><sup>(Vermerk zur \u201epolitischen Zuverl\u00e4ssigkeit\u201c in einem Fragebogen zu Siegmund Levi, vermutlich 1934)<\/sup><\/p>\n\n\n\n<br>\n\n\n\n<p>Schon der Vater Siegmund Levis war ein hoch angesehener Rechtsanwalt und Mitglied der Stadtverordnetenversammlung. Als Bernhard Levi 1883 starb, widmete ihm das Mainzer Tageblatt einen ausf\u00fchrlichen Nachruf und berichtete auf der Titelseite \u00fcber einen \u201eLeichenzug, wie ihn Mainz noch selten gesehen hat\u201c.<\/p>\n\n\n<div class=\"wp-block-image\">\n<figure class=\"alignleft size-full is-resized\"><img loading=\"lazy\" decoding=\"async\" width=\"578\" height=\"411\" src=\"https:\/\/stolpersteine-mainz.de\/wp-content\/uploads\/2026\/02\/Levi-Briefkopf-2.jpg\" alt=\"\" class=\"wp-image-5966\" style=\"width:300px\" srcset=\"https:\/\/stolpersteine-mainz.de\/wp-content\/uploads\/2026\/02\/Levi-Briefkopf-2.jpg 578w, https:\/\/stolpersteine-mainz.de\/wp-content\/uploads\/2026\/02\/Levi-Briefkopf-2-300x213.jpg 300w, https:\/\/stolpersteine-mainz.de\/wp-content\/uploads\/2026\/02\/Levi-Briefkopf-2-150x107.jpg 150w\" sizes=\"auto, (max-width: 578px) 100vw, 578px\" \/><figcaption class=\"wp-element-caption\"><sup>Briefkopf Dr. Siegmund Levis<\/sup><\/figcaption><\/figure>\n<\/div>\n\n\n<p>Siegmund Levi war fast 50 Jahre Anwalt gewesen. Nach einem \u201esehr guten\u201c ersten Staatsexamen promovierte er 1888 in Gie\u00dfen mit der Dissertation \u201eVorname und Familienname im Recht\u201c und begann seine Anwaltskarriere mit der im Dezember 1889 erfolgten Zulassung beim \u201eGro\u00dfherzoglichen Landgericht der Provinz Rheinhessen\u201c. Die Kanzlei residierte in der Kaiserstra\u00dfe, aber wohl bereits 1932 verlegte Levi das B\u00fcro in sein Wohnhaus in der Uferstra\u00dfe 57, welches sein Vater erworben hatte. Bis zu ihrer \u201aGleichschaltung\u2018 war er Mitglied des Vorstandes der Hessischen Anwaltskammer.<\/p>\n\n\n\n<p>Die Biografie Siegmund Levis zeigt exemplarisch in aller Brutalit\u00e4t und t\u00f6dlichen Konsequenz die Vernichtungsstrategie der Nationalsozialisten. Er verlor alles. Siegmund Levi verlor seine berufliche Existenz (w\u00e4hrend sein Jahreseinkommen 1930 noch 14.500 RM betrug, schwankte es 1933 bis 1937 zwischen 1.000 und 4.000 RM, zum 1. M\u00e4rz 1938 erkl\u00e4rte er den Zulassungsverzicht) und er verlor das ererbte von der ber\u00fchmten Mainzer Firma Bemb\u00e9 eingerichtete Haus, das er Ende 1937 an die Ehefrau eines Binger Kollegen verkaufte. Dar\u00fcber hinaus verlor Siegmund Levi einen Gro\u00dfteil der luxuri\u00f6sen Wohnungseinrichtung, die er bei seinem Umzug nach Frankfurt Anfang 1938 zu Spottpreisen verkaufen musste und schlie\u00dflich auch gr\u00f6\u00dfere Mengen Silber und eine wertvolle M\u00fcnzsammlung, f\u00fcr deren Abtransport in die Pfandleihanstalt Anfang 1939 zwei Autofahrten erforderlich waren.<\/p>\n\n\n\n<p>Zuletzt blieben ihm in seiner 2-Zimmer-Wohnung im j\u00fcdischen Altersheim in Frankfurt nur noch Gem\u00e4lde und B\u00fccher, wie Michel Oppenheim als Zeuge im Wiedergutmachungsprozess am 11. Oktober 1962 berichtet hat:<\/p>\n\n\n\n<blockquote class=\"wp-block-quote is-layout-flow wp-block-quote-is-layout-flow\">\n<p><em>\u201eIch kann mich genau daran erinnern, dass die W\u00e4nde beider R\u00e4ume voll gespickt mit Kupferstichen waren. Und zwar handelte es ich um Kupferstiche von Rembrandt, D\u00fcrer, den deutschen Kleinmeistern und Franzosen aus dem 18. Jahrhundert. [\u2026] Au\u00dferdem hatte er ein \u00d6lbild, welches ein Selbstbildnis von Rembrandt darstellte. Ich muss jedoch in Beziehung auf dieses Bild erw\u00e4hnen, dass die Urheberschaft nicht zweifelsfrei war. [\u2026] Im Schlafzimmer hatte er dann noch eine Holzplastik, die den \u201eHeiligen Martin\u201c darstellte, die aus der ersten H\u00e4lfte des 18. Jahrhunderts gestammt haben d\u00fcrfte. Daneben besa\u00df er 2 K\u00e4sten mit verschiedenem Porzellan, u.a. auch H\u00f6chster Porzellan und Buxfiguren. [\u2026] Ferner besa\u00df er einen ganzen Schrank voll Moguntiacas (etwa 400 B\u00e4ndchen).\u201c<\/em><\/p>\n<\/blockquote>\n\n\n\n<p>Nat\u00fcrlich entrichtete auch Levi 1939 die \u201aJudenverm\u00f6gensabgabe\u2018 (4.000 RM) und \u00fcberwies im September 1942 die gleiche Summe auf ein Sonderkonto der J\u00fcdischen Gemeinde in Erf\u00fcllung des \u201eHeimeinkauf-Vertrages\u201c, der seine Deportation nach Theresienstadt besiegelte, wohin er bereits am 18. August deportiert worden war. Ein halbes Jahr sp\u00e4ter verstarb der 78-j\u00e4hrige Siegmund Levi im Februar 1943 im Lager Theresienstadt.<\/p>\n\n\n\n<br>\n\n\n<div class=\"wp-block-image is-style-zoooom\">\n<figure class=\"aligncenter size-large\"><img loading=\"lazy\" decoding=\"async\" width=\"1024\" height=\"197\" src=\"https:\/\/stolpersteine-mainz.de\/wp-content\/uploads\/2026\/02\/Levi-Steuer-1942-2-1024x197.jpg\" alt=\"\" class=\"wp-image-5967\" srcset=\"https:\/\/stolpersteine-mainz.de\/wp-content\/uploads\/2026\/02\/Levi-Steuer-1942-2-1024x197.jpg 1024w, https:\/\/stolpersteine-mainz.de\/wp-content\/uploads\/2026\/02\/Levi-Steuer-1942-2-300x58.jpg 300w, https:\/\/stolpersteine-mainz.de\/wp-content\/uploads\/2026\/02\/Levi-Steuer-1942-2-768x148.jpg 768w, https:\/\/stolpersteine-mainz.de\/wp-content\/uploads\/2026\/02\/Levi-Steuer-1942-2-150x29.jpg 150w, https:\/\/stolpersteine-mainz.de\/wp-content\/uploads\/2026\/02\/Levi-Steuer-1942-2.jpg 1324w\" sizes=\"auto, (max-width: 1024px) 100vw, 1024px\" \/><figcaption class=\"wp-element-caption\"><sup>Steuererkl\u00e4rung Dr. Siegmund Levis<\/sup><\/figcaption><\/figure>\n<\/div>\n\n\n<br>\n\n\n\n<p>In seiner 1940 verfassten letztwilligen Verf\u00fcgung ernannte Levi den einzigen in Mainz noch \u2013 mit \u201eKonsulenten\u201cstatus \u2013 zugelassenen \u201anichtarischen\u2018 Kollegen Heinrich Winter zum Testamentsvollstrecker. Er und seine Nachfolger im Amt bem\u00fchten sich f\u00fcr die nach Argentinien ausgewanderten Erben um Wiedergutmachung \u2013 allerdings mit bescheidenen Resultaten. Die entsprechenden Bescheide datieren erst aus 1960, die Zeit in Theresienstadt wurde als \u201eSchaden an Freiheit\u201c mit 24.090 DM entsch\u00e4digt und die Zahlung f\u00fcr den \u201eHeimeinkauf-Vertrag\u201c mit 800 DM. F\u00fcr entzogene Wertpapiere, das Wohnungsinventar, die Kunstwerke und die M\u00fcnzsammlung zahlte der Staat aufgrund eines erst im M\u00e4rz 1971 geschlossenen Vergleichs 11.000 DM. Der Verbleib der Kunstwerke und der M\u00fcnzsammlung scheint ungekl\u00e4rt, zumindest ein Gem\u00e4lde wurde aber im Zuge der Provenienzforschung des St\u00e4del-Museums ausfindig gemacht.<\/p>\n\n\n\n<br>\n\n\n<div class=\"wp-block-image\">\n<figure class=\"aligncenter size-large is-resized\"><img loading=\"lazy\" decoding=\"async\" width=\"967\" height=\"1024\" src=\"https:\/\/stolpersteine-mainz.de\/wp-content\/uploads\/2026\/02\/Dr.Siegmund_Levi-967x1024.jpg\" alt=\"\" class=\"wp-image-5964\" style=\"width:500px\" srcset=\"https:\/\/stolpersteine-mainz.de\/wp-content\/uploads\/2026\/02\/Dr.Siegmund_Levi-967x1024.jpg 967w, https:\/\/stolpersteine-mainz.de\/wp-content\/uploads\/2026\/02\/Dr.Siegmund_Levi-283x300.jpg 283w, https:\/\/stolpersteine-mainz.de\/wp-content\/uploads\/2026\/02\/Dr.Siegmund_Levi-768x813.jpg 768w, https:\/\/stolpersteine-mainz.de\/wp-content\/uploads\/2026\/02\/Dr.Siegmund_Levi-1451x1536.jpg 1451w, https:\/\/stolpersteine-mainz.de\/wp-content\/uploads\/2026\/02\/Dr.Siegmund_Levi-142x150.jpg 142w, https:\/\/stolpersteine-mainz.de\/wp-content\/uploads\/2026\/02\/Dr.Siegmund_Levi.jpg 1766w\" sizes=\"auto, (max-width: 967px) 100vw, 967px\" \/><\/figure>\n<\/div><\/div>\n<\/div>\n\n\n\n<br>\n\n\n\n<p>Text: Dr. Tillmann Krach<\/p>\n\n\n\n<p>Redaktionelle Bearbeitung: HdE<\/p>\n\n\n\n<br>\n\n\n\n<hr class=\"wp-block-separator has-css-opacity\"\/>\n\n\n\n<br>\n\n\n\n<div class=\"wp-block-columns is-layout-flex wp-container-core-columns-is-layout-9d6595d7 wp-block-columns-is-layout-flex\">\n<div class=\"wp-block-column is-layout-flow wp-block-column-is-layout-flow\">\n<figure class=\"wp-block-image size-large is-resized\"><img loading=\"lazy\" decoding=\"async\" width=\"904\" height=\"1024\" src=\"https:\/\/stolpersteine-mainz.de\/wp-content\/uploads\/2026\/02\/Uferstrasse-57-904x1024.jpg\" alt=\"\" class=\"wp-image-5965\" style=\"width:500px\" srcset=\"https:\/\/stolpersteine-mainz.de\/wp-content\/uploads\/2026\/02\/Uferstrasse-57-904x1024.jpg 904w, https:\/\/stolpersteine-mainz.de\/wp-content\/uploads\/2026\/02\/Uferstrasse-57-265x300.jpg 265w, https:\/\/stolpersteine-mainz.de\/wp-content\/uploads\/2026\/02\/Uferstrasse-57-768x870.jpg 768w, https:\/\/stolpersteine-mainz.de\/wp-content\/uploads\/2026\/02\/Uferstrasse-57-1356x1536.jpg 1356w, https:\/\/stolpersteine-mainz.de\/wp-content\/uploads\/2026\/02\/Uferstrasse-57-1808x2048.jpg 1808w, https:\/\/stolpersteine-mainz.de\/wp-content\/uploads\/2026\/02\/Uferstrasse-57-132x150.jpg 132w, https:\/\/stolpersteine-mainz.de\/wp-content\/uploads\/2026\/02\/Uferstrasse-57.jpg 1920w\" sizes=\"auto, (max-width: 904px) 100vw, 904px\" \/><\/figure>\n\n\n\n<br>\n\n\n\n<p>Der Stolperstein f\u00fcr Dr. Siegmund Levi wurde am 8. November 2017 in der Uferstra\u00dfe 57 verlegt.<\/p>\n<\/div>\n\n\n\n<div class=\"wp-block-column is-layout-flow wp-block-column-is-layout-flow\">\n<iframe src=\"https:\/\/www.google.com\/maps\/embed?pb=!1m18!1m12!1m3!1d5129.164151988775!2d8.275337276221753!3d50.00044297150973!2m3!1f0!2f0!3f0!3m2!1i1024!2i768!4f13.1!3m3!1m2!1s0x47bd971aa4004b47%3A0x5c452018c2b31b2a!2sUferstra%C3%9Fe%2057%2C%2055116%20Mainz!5e0!3m2!1sde!2sde!4v1771856801005!5m2!1sde!2sde\" width=\"600\" height=\"450\" style=\"border:0;\" allowfullscreen=\"\" loading=\"lazy\" referrerpolicy=\"no-referrer-when-downgrade\"><\/iframe>\n<\/div>\n<\/div>\n\n\n\n<p><\/p>\n","protected":false},"excerpt":{"rendered":"<p>Dr. Siegmund Levi Politisch nicht hervorgetreten, galt fr\u00fcher als national gesinnter Jude. (Vermerk zur \u201epolitischen Zuverl\u00e4ssigkeit\u201c in einem Fragebogen zu Siegmund Levi, vermutlich 1934) Schon der Vater Siegmund Levis war ein hoch angesehener Rechtsanwalt und Mitglied der Stadtverordnetenversammlung. Als Bernhard Levi 1883 starb, widmete ihm das Mainzer Tageblatt einen ausf\u00fchrlichen&#8230;<\/p>\n<p> <a class=\"continue-reading-link\" href=\"https:\/\/stolpersteine-mainz.de\/index.php\/stolpersteine-in-mainz\/biografien\/dr-siegmund-levi\/\"><span>mehr Infos<\/span><i class=\"crycon-right-dir\"><\/i><\/a> <\/p>\n","protected":false},"author":2,"featured_media":0,"parent":104,"menu_order":0,"comment_status":"closed","ping_status":"closed","template":"","meta":{"ngg_post_thumbnail":0,"footnotes":""},"class_list":["post-5961","page","type-page","status-publish","hentry"],"_links":{"self":[{"href":"https:\/\/stolpersteine-mainz.de\/index.php\/wp-json\/wp\/v2\/pages\/5961","targetHints":{"allow":["GET"]}}],"collection":[{"href":"https:\/\/stolpersteine-mainz.de\/index.php\/wp-json\/wp\/v2\/pages"}],"about":[{"href":"https:\/\/stolpersteine-mainz.de\/index.php\/wp-json\/wp\/v2\/types\/page"}],"author":[{"embeddable":true,"href":"https:\/\/stolpersteine-mainz.de\/index.php\/wp-json\/wp\/v2\/users\/2"}],"replies":[{"embeddable":true,"href":"https:\/\/stolpersteine-mainz.de\/index.php\/wp-json\/wp\/v2\/comments?post=5961"}],"version-history":[{"count":6,"href":"https:\/\/stolpersteine-mainz.de\/index.php\/wp-json\/wp\/v2\/pages\/5961\/revisions"}],"predecessor-version":[{"id":5972,"href":"https:\/\/stolpersteine-mainz.de\/index.php\/wp-json\/wp\/v2\/pages\/5961\/revisions\/5972"}],"up":[{"embeddable":true,"href":"https:\/\/stolpersteine-mainz.de\/index.php\/wp-json\/wp\/v2\/pages\/104"}],"wp:attachment":[{"href":"https:\/\/stolpersteine-mainz.de\/index.php\/wp-json\/wp\/v2\/media?parent=5961"}],"curies":[{"name":"wp","href":"https:\/\/api.w.org\/{rel}","templated":true}]}}