{"id":3853,"date":"2023-05-09T10:39:24","date_gmt":"2023-05-09T08:39:24","guid":{"rendered":"https:\/\/stolpersteine-mainz.de\/?page_id=3853"},"modified":"2023-05-09T12:32:26","modified_gmt":"2023-05-09T10:32:26","slug":"familie-hirsch","status":"publish","type":"page","link":"https:\/\/stolpersteine-mainz.de\/index.php\/leichte-sprache\/lebens-geschichten\/familie-hirsch\/","title":{"rendered":"Familie Hirsch"},"content":{"rendered":"\n<br>\n\n\n\n<h4 class=\"wp-block-heading\">Eduard Hirsch<\/h4>\n\n\n\n<ul class=\"wp-block-list\">\n<li>geboren am 14. September 1881 in Bretzenheim<\/li>\n\n\n\n<li><a href=\"https:\/\/stolpersteine-mainz.de\/index.php\/leichte-sprache\/wichtige-begriffe\/deportieren\/\" target=\"_blank\" rel=\"noreferrer noopener\">deportiert<\/a> am 30. September 1942, vermutlich nach Treblinka<\/li>\n\n\n\n<li>ermordet 1942, vermutlich in Treblinka<\/li>\n<\/ul>\n\n\n\n<br>\n\n\n\n\n\n<h4 class=\"wp-block-heading\">Selma Hirsch<\/h4>\n\n\n\n<ul class=\"wp-block-list\">\n<li>geboren am 18. Juni 1882<\/li>\n\n\n\n<li><a href=\"https:\/\/stolpersteine-mainz.de\/index.php\/leichte-sprache\/wichtige-begriffe\/deportieren\/\" target=\"_blank\" rel=\"noreferrer noopener\">deportiert<\/a> am 30. September 1942, vermutlich nach Treblinka<\/li>\n\n\n\n<li>ermordet 1942, vermutlich in Treblinka<\/li>\n<\/ul>\n\n\n\n<br>\n\n\n\n\n\n<h4 class=\"wp-block-heading\">Maria Anna Hirsch<\/h4>\n\n\n\n<ul class=\"wp-block-list\">\n<li>geboren am 19. Juli 1920 in Mainz<\/li>\n\n\n\n<li><a href=\"https:\/\/stolpersteine-mainz.de\/index.php\/leichte-sprache\/wichtige-begriffe\/deportieren\/\" target=\"_blank\" rel=\"noreferrer noopener\">deportiert<\/a> am 30. September 1942, vermutlich nach Treblinka<\/li>\n\n\n\n<li>ermordet 1942, vermutlich in Treblinka<\/li>\n<\/ul>\n\n\n\n<br>\n\n\n\n<div class=\"wp-block-columns is-layout-flex wp-container-core-columns-is-layout-9d6595d7 wp-block-columns-is-layout-flex\">\n<div class=\"wp-block-column is-layout-flow wp-block-column-is-layout-flow\">\n<figure class=\"wp-block-image size-full\"><img loading=\"lazy\" decoding=\"async\" width=\"214\" height=\"228\" src=\"https:\/\/stolpersteine-mainz.de\/wp-content\/uploads\/2023\/05\/grafik-6.png\" alt=\"\" class=\"wp-image-4032\" srcset=\"https:\/\/stolpersteine-mainz.de\/wp-content\/uploads\/2023\/05\/grafik-6.png 214w, https:\/\/stolpersteine-mainz.de\/wp-content\/uploads\/2023\/05\/grafik-6-141x150.png 141w\" sizes=\"auto, (max-width: 214px) 100vw, 214px\" \/><\/figure>\n<\/div>\n\n\n\n<div class=\"wp-block-column is-layout-flow wp-block-column-is-layout-flow\">\n<figure class=\"wp-block-image size-full\"><img loading=\"lazy\" decoding=\"async\" width=\"209\" height=\"225\" src=\"https:\/\/stolpersteine-mainz.de\/wp-content\/uploads\/2023\/05\/grafik-4.png\" alt=\"\" class=\"wp-image-4023\" srcset=\"https:\/\/stolpersteine-mainz.de\/wp-content\/uploads\/2023\/05\/grafik-4.png 209w, https:\/\/stolpersteine-mainz.de\/wp-content\/uploads\/2023\/05\/grafik-4-139x150.png 139w\" sizes=\"auto, (max-width: 209px) 100vw, 209px\" \/><\/figure>\n<\/div>\n\n\n\n<div class=\"wp-block-column is-layout-flow wp-block-column-is-layout-flow\">\n<figure class=\"wp-block-image size-full\"><img loading=\"lazy\" decoding=\"async\" width=\"209\" height=\"221\" src=\"https:\/\/stolpersteine-mainz.de\/wp-content\/uploads\/2023\/05\/grafik-5.png\" alt=\"\" class=\"wp-image-4024\" srcset=\"https:\/\/stolpersteine-mainz.de\/wp-content\/uploads\/2023\/05\/grafik-5.png 209w, https:\/\/stolpersteine-mainz.de\/wp-content\/uploads\/2023\/05\/grafik-5-142x150.png 142w\" sizes=\"auto, (max-width: 209px) 100vw, 209px\" \/><\/figure>\n<\/div>\n<\/div>\n\n\n\n<br>\n\n\n\n<h4 class=\"wp-block-heading\">Die Eltern Selma und Eduard<\/h4>\n\n\n\n<br>\n\n\n\n<p>Selma Hirsch wurde am 18. Juni 1882 geboren.<br>Ihr Geburts-Name war Selma Maier.<br>Eduard Hirsch wurde am 14. September 1881 geboren.<br>Die Eltern waren Kaufleute.<br>Sie wohnten in der Lotharstra\u00dfe 5 in Mainz.<\/p>\n\n\n\n<br>\n\n\n\n<h4 class=\"wp-block-heading\">Die Tochter Anna<\/h4>\n\n\n\n<br>\n\n\n\n<div class=\"wp-block-columns is-layout-flex wp-container-core-columns-is-layout-9d6595d7 wp-block-columns-is-layout-flex\">\n<div class=\"wp-block-column is-layout-flow wp-block-column-is-layout-flow\" style=\"flex-basis:66.66%\">\n<p>Anna Hirsch wurde am 19. Juli 1920 in Mainz geboren.<br>Sie ging in die Grundschule in Mainz.<br>Das war von 1926 bis 1930.<br>Mit 10 Jahren ging Anna zur H\u00f6heren M\u00e4dchen-Schule.<br>Sie war sehr flei\u00dfig.<br>Anna war sehr gut in den F\u00e4chern:<\/p>\n\n\n\n<ul class=\"wp-block-list\">\n<li>Religion<\/li>\n\n\n\n<li>Mathe<\/li>\n\n\n\n<li>Geschichte<\/li>\n<\/ul>\n<\/div>\n\n\n\n<div class=\"wp-block-column is-layout-flow wp-block-column-is-layout-flow\" style=\"flex-basis:33.33%\">\n<figure class=\"wp-block-image size-large\"><img loading=\"lazy\" decoding=\"async\" width=\"1024\" height=\"1024\" src=\"https:\/\/stolpersteine-mainz.de\/wp-content\/uploads\/2023\/02\/Religionsunterricht-1-1024x1024.png\" alt=\"\" class=\"wp-image-3854\" srcset=\"https:\/\/stolpersteine-mainz.de\/wp-content\/uploads\/2023\/02\/Religionsunterricht-1-1024x1024.png 1024w, https:\/\/stolpersteine-mainz.de\/wp-content\/uploads\/2023\/02\/Religionsunterricht-1-300x300.png 300w, https:\/\/stolpersteine-mainz.de\/wp-content\/uploads\/2023\/02\/Religionsunterricht-1-150x150.png 150w, https:\/\/stolpersteine-mainz.de\/wp-content\/uploads\/2023\/02\/Religionsunterricht-1-768x768.png 768w, https:\/\/stolpersteine-mainz.de\/wp-content\/uploads\/2023\/02\/Religionsunterricht-1.png 1181w\" sizes=\"auto, (max-width: 1024px) 100vw, 1024px\" \/><figcaption class=\"wp-element-caption\"><sup>\u00a9Inga Kramer, www.ingakramer.de<\/sup><\/figcaption><\/figure>\n<\/div>\n<\/div>\n\n\n\n<br>\n\n\n\n<h4 class=\"wp-block-heading\">Nach der <a rel=\"noreferrer noopener\" href=\"https:\/\/stolpersteine-mainz.de\/index.php\/leichte-sprache\/wichtige-begriffe\/macht-uebernahme\/\" target=\"_blank\">Macht-\u00dcbernahme<\/a><\/h4>\n\n\n\n<br>\n\n\n\n<p>Anna musste die Schule im M\u00e4rz 1934 verlassen.<br>J\u00fcdische Sch\u00fclerinnen waren <strong>nicht<\/strong> erw\u00fcnscht.<br>Familie Hirsch musste im Jahr 1939 umziehen.<br>Sie durften<strong> nicht<\/strong> mehr in der alten Wohnung bleiben.<br>Sie zogen in ein Judenhaus in der Wessel-Stra\u00dfe 2.<br>Heute hei\u00dft die Stra\u00dfe Forsterstra\u00dfe.<br>Ein Judenhaus war ein Haus mit schlimmen Lebens-Bedingungen.<\/p>\n\n\n\n<br>\n\n\n\n<div class=\"wp-block-columns is-layout-flex wp-container-core-columns-is-layout-9d6595d7 wp-block-columns-is-layout-flex\">\n<div class=\"wp-block-column is-layout-flow wp-block-column-is-layout-flow\" style=\"flex-basis:66.66%\">\n<p>Die Familie wurde am 30. September 1942 <a href=\"https:\/\/stolpersteine-mainz.de\/index.php\/leichte-sprache\/wichtige-begriffe\/deportieren\/\" target=\"_blank\" rel=\"noreferrer noopener\">deportiert<\/a>.<br>Die Fahrt war sehr schlimm.<br>Die Familie fuhr in einem G\u00fcter-Zug.<br>Im Zug war es sehr eng.<br>Viele Menschen waren in dem Zug.<\/p>\n\n\n\n<p>Das Ziel war vermutlich das <a href=\"https:\/\/stolpersteine-mainz.de\/index.php\/leichte-sprache\/wichtige-begriffe\/konzentrations-lager\/\" target=\"_blank\" rel=\"noreferrer noopener\">Konzentrations-Lager<\/a> Treblinka.<\/p>\n\n\n\n<p>Die Familie wurde im <a href=\"https:\/\/stolpersteine-mainz.de\/index.php\/leichte-sprache\/wichtige-begriffe\/konzentrations-lager\/\" target=\"_blank\" rel=\"noreferrer noopener\">Konzentrations-Lager<\/a> ermordet.<br>Anna war 22 Jahre alt.<br>Selma war 60 Jahre alt.<br>Eduard war 61 Jahre alt.<\/p>\n<\/div>\n\n\n\n<div class=\"wp-block-column is-layout-flow wp-block-column-is-layout-flow\" style=\"flex-basis:33.33%\">\n<figure class=\"wp-block-image size-large\"><img loading=\"lazy\" decoding=\"async\" width=\"1024\" height=\"574\" src=\"https:\/\/stolpersteine-mainz.de\/wp-content\/uploads\/2023\/02\/auschwitz-gd1b54bdb0_1920-1024x574.jpg\" alt=\"\" class=\"wp-image-3855\" srcset=\"https:\/\/stolpersteine-mainz.de\/wp-content\/uploads\/2023\/02\/auschwitz-gd1b54bdb0_1920-1024x574.jpg 1024w, https:\/\/stolpersteine-mainz.de\/wp-content\/uploads\/2023\/02\/auschwitz-gd1b54bdb0_1920-300x168.jpg 300w, https:\/\/stolpersteine-mainz.de\/wp-content\/uploads\/2023\/02\/auschwitz-gd1b54bdb0_1920-768x431.jpg 768w, https:\/\/stolpersteine-mainz.de\/wp-content\/uploads\/2023\/02\/auschwitz-gd1b54bdb0_1920-1536x862.jpg 1536w, https:\/\/stolpersteine-mainz.de\/wp-content\/uploads\/2023\/02\/auschwitz-gd1b54bdb0_1920-150x84.jpg 150w, https:\/\/stolpersteine-mainz.de\/wp-content\/uploads\/2023\/02\/auschwitz-gd1b54bdb0_1920.jpg 1920w\" sizes=\"auto, (max-width: 1024px) 100vw, 1024px\" \/><figcaption class=\"wp-element-caption\"><sup>\u00a9 <\/sup><a rel=\"noreferrer noopener\" href=\"https:\/\/pixabay.com\/de\/users\/antoinettez-2359172\/?utm_source=link-attribution&amp;utm_medium=referral&amp;utm_campaign=image&amp;utm_content=2205225\" target=\"_blank\"><sup>pixabay<\/sup><\/a><\/figcaption><\/figure>\n<\/div>\n<\/div>\n\n\n\n<br>\n\n\n\n<h3 class=\"wp-block-heading\">Judenh\u00e4user in Mainz<\/h3>\n\n\n\n<br>\n\n\n\n<p>Ab dem 30. April 1939 gab es ein Gesetz:<br><strong>Gesetz \u00fcber Miet-Verh\u00e4ltnisse mit Juden<\/strong><br>Im Gesetz stand:<\/p>\n\n\n\n<ul class=\"wp-block-list\">\n<li>Der Vermieter darf Juden k\u00fcndigen,<br>wenn eine andere Person in die Wohnung will.<\/li>\n\n\n\n<li>Juden m\u00fcssen in ihrer Wohnung andere Juden aufnehmen.<\/li>\n\n\n\n<li>Juden m\u00fcssen in Judenh\u00e4user ziehen.<\/li>\n<\/ul>\n\n\n\n<br>\n\n\n\n<div class=\"wp-block-columns is-layout-flex wp-container-core-columns-is-layout-9d6595d7 wp-block-columns-is-layout-flex\">\n<div class=\"wp-block-column is-layout-flow wp-block-column-is-layout-flow\" style=\"flex-basis:66.66%\">\n<p>In Judenh\u00e4usern war es schlimm.<br>In jedem Zimmer mussten wenigstens 2 Menschen wohnen.<br>Die H\u00e4user waren \u00fcberf\u00fcllt.<br>An der T\u00fcr hing ein Davidstern.<br>Der Davidstern ist ein Zeichen f\u00fcr Juden.<\/p>\n\n\n\n<p>Der Grund f\u00fcr Judenh\u00e4user war:<br>Die <a href=\"https:\/\/stolpersteine-mainz.de\/index.php\/leichte-sprache\/wichtige-begriffe\/nazi\/\" target=\"_blank\" rel=\"noreferrer noopener\">Nazis<\/a> konnten die Juden besser \u00fcberwachen.<br>Alle waren an einem Ort.<br>Die <a href=\"https:\/\/stolpersteine-mainz.de\/index.php\/leichte-sprache\/wichtige-begriffe\/nazi\/\" target=\"_blank\" rel=\"noreferrer noopener\">Nazis<\/a> konnten die Juden einfacher <a rel=\"noreferrer noopener\" href=\"https:\/\/stolpersteine-mainz.de\/index.php\/leichte-sprache\/wichtige-begriffe\/deportieren\/\" target=\"_blank\">deportieren<\/a>.<\/p>\n\n\n\n<p>Viele Nachbarn sagten:<br>Wir haben <strong>nichts<\/strong> gemerkt.<br>Aber die <a href=\"https:\/\/stolpersteine-mainz.de\/index.php\/leichte-sprache\/wichtige-begriffe\/nazi\/\" target=\"_blank\" rel=\"noreferrer noopener\">Nazis<\/a> holten die Juden meistens tags\u00fcber.<br>So konnten alle zugucken.<\/p>\n<\/div>\n\n\n\n<div class=\"wp-block-column is-layout-flow wp-block-column-is-layout-flow\" style=\"flex-basis:33.33%\">\n<figure class=\"wp-block-image size-full\"><img loading=\"lazy\" decoding=\"async\" width=\"467\" height=\"562\" src=\"https:\/\/stolpersteine-mainz.de\/wp-content\/uploads\/2023\/02\/1898_Fotografie_Bildarchiv_Historisches_Museum_Hannover_Knochenhauerstrasse_61_1941-1942_Judenhaus.jpg\" alt=\"\" class=\"wp-image-3856\" srcset=\"https:\/\/stolpersteine-mainz.de\/wp-content\/uploads\/2023\/02\/1898_Fotografie_Bildarchiv_Historisches_Museum_Hannover_Knochenhauerstrasse_61_1941-1942_Judenhaus.jpg 467w, https:\/\/stolpersteine-mainz.de\/wp-content\/uploads\/2023\/02\/1898_Fotografie_Bildarchiv_Historisches_Museum_Hannover_Knochenhauerstrasse_61_1941-1942_Judenhaus-249x300.jpg 249w, https:\/\/stolpersteine-mainz.de\/wp-content\/uploads\/2023\/02\/1898_Fotografie_Bildarchiv_Historisches_Museum_Hannover_Knochenhauerstrasse_61_1941-1942_Judenhaus-125x150.jpg 125w\" sizes=\"auto, (max-width: 467px) 100vw, 467px\" \/><figcaption class=\"wp-element-caption\"><sup>\u00a9 <a rel=\"noreferrer noopener\" href=\"https:\/\/commons.wikimedia.org\/w\/index.php?curid=52667078\" target=\"_blank\">wikimedia<\/a><\/sup><\/figcaption><\/figure>\n<\/div>\n<\/div>\n\n\n\n<br>\n\n\n\n<br>\n\n\n\n<div class=\"wp-block-file\"><a id=\"wp-block-file--media-6662b5cf-ae9d-40ca-97fe-50ee51d6ba26\" href=\"https:\/\/stolpersteine-mainz.de\/wp-content\/uploads\/2023\/02\/Familie-Hirsch-Leichte-Sprache-V2-barrierefrei.pdf\" target=\"_blank\" rel=\"noreferrer noopener\">Hier finden Sie die barrierefreie PDF zum Herunterladen!<\/a><a href=\"https:\/\/stolpersteine-mainz.de\/wp-content\/uploads\/2023\/02\/Familie-Hirsch-Leichte-Sprache-V2-barrierefrei.pdf\" class=\"wp-block-file__button wp-element-button\" download aria-describedby=\"wp-block-file--media-6662b5cf-ae9d-40ca-97fe-50ee51d6ba26\">Herunterladen<\/a><\/div>\n","protected":false},"excerpt":{"rendered":"<p>Eduard Hirsch Selma Hirsch Maria Anna Hirsch Die Eltern Selma und Eduard Selma Hirsch wurde am 18. Juni 1882 geboren.Ihr Geburts-Name war Selma Maier.Eduard Hirsch wurde am 14. September 1881 geboren.Die Eltern waren Kaufleute.Sie wohnten in der Lotharstra\u00dfe 5 in Mainz. Die Tochter Anna Anna Hirsch wurde am 19. Juli&#8230;<\/p>\n<p> <a class=\"continue-reading-link\" href=\"https:\/\/stolpersteine-mainz.de\/index.php\/leichte-sprache\/lebens-geschichten\/familie-hirsch\/\"><span>mehr Infos<\/span><i class=\"crycon-right-dir\"><\/i><\/a> <\/p>\n","protected":false},"author":2,"featured_media":0,"parent":3942,"menu_order":0,"comment_status":"closed","ping_status":"closed","template":"","meta":{"ngg_post_thumbnail":0,"footnotes":""},"class_list":["post-3853","page","type-page","status-publish","hentry"],"_links":{"self":[{"href":"https:\/\/stolpersteine-mainz.de\/index.php\/wp-json\/wp\/v2\/pages\/3853","targetHints":{"allow":["GET"]}}],"collection":[{"href":"https:\/\/stolpersteine-mainz.de\/index.php\/wp-json\/wp\/v2\/pages"}],"about":[{"href":"https:\/\/stolpersteine-mainz.de\/index.php\/wp-json\/wp\/v2\/types\/page"}],"author":[{"embeddable":true,"href":"https:\/\/stolpersteine-mainz.de\/index.php\/wp-json\/wp\/v2\/users\/2"}],"replies":[{"embeddable":true,"href":"https:\/\/stolpersteine-mainz.de\/index.php\/wp-json\/wp\/v2\/comments?post=3853"}],"version-history":[{"count":23,"href":"https:\/\/stolpersteine-mainz.de\/index.php\/wp-json\/wp\/v2\/pages\/3853\/revisions"}],"predecessor-version":[{"id":4055,"href":"https:\/\/stolpersteine-mainz.de\/index.php\/wp-json\/wp\/v2\/pages\/3853\/revisions\/4055"}],"up":[{"embeddable":true,"href":"https:\/\/stolpersteine-mainz.de\/index.php\/wp-json\/wp\/v2\/pages\/3942"}],"wp:attachment":[{"href":"https:\/\/stolpersteine-mainz.de\/index.php\/wp-json\/wp\/v2\/media?parent=3853"}],"curies":[{"name":"wp","href":"https:\/\/api.w.org\/{rel}","templated":true}]}}