{"id":3843,"date":"2023-05-09T10:39:37","date_gmt":"2023-05-09T08:39:37","guid":{"rendered":"https:\/\/stolpersteine-mainz.de\/?page_id=3843"},"modified":"2023-05-09T12:11:32","modified_gmt":"2023-05-09T10:11:32","slug":"johanna-sichel","status":"publish","type":"page","link":"https:\/\/stolpersteine-mainz.de\/index.php\/leichte-sprache\/lebens-geschichten\/johanna-sichel\/","title":{"rendered":"Johanna Sichel"},"content":{"rendered":"\n<br>\n\n\n\n<h4 class=\"wp-block-heading\">Wichtige Infos \u00fcber das Leben von<br>Johanna Sichel:<\/h4>\n\n\n\n<br>\n\n\n\n<figure class=\"wp-block-image size-large is-resized\"><img loading=\"lazy\" decoding=\"async\" src=\"https:\/\/stolpersteine-mainz.de\/wp-content\/uploads\/2021\/10\/Johanna-Sichel-bpsf382a_neu-2-690x1024.jpg\" alt=\"\" class=\"wp-image-2347\" width=\"324\" height=\"481\" srcset=\"https:\/\/stolpersteine-mainz.de\/wp-content\/uploads\/2021\/10\/Johanna-Sichel-bpsf382a_neu-2-690x1024.jpg 690w, https:\/\/stolpersteine-mainz.de\/wp-content\/uploads\/2021\/10\/Johanna-Sichel-bpsf382a_neu-2-202x300.jpg 202w, https:\/\/stolpersteine-mainz.de\/wp-content\/uploads\/2021\/10\/Johanna-Sichel-bpsf382a_neu-2-768x1139.jpg 768w, https:\/\/stolpersteine-mainz.de\/wp-content\/uploads\/2021\/10\/Johanna-Sichel-bpsf382a_neu-2-1035x1536.jpg 1035w, https:\/\/stolpersteine-mainz.de\/wp-content\/uploads\/2021\/10\/Johanna-Sichel-bpsf382a_neu-2-101x150.jpg 101w, https:\/\/stolpersteine-mainz.de\/wp-content\/uploads\/2021\/10\/Johanna-Sichel-bpsf382a_neu-2.jpg 1181w\" sizes=\"auto, (max-width: 324px) 100vw, 324px\" \/><figcaption class=\"wp-element-caption\">Johanna Sichel<\/figcaption><\/figure>\n\n\n\n<ul class=\"wp-block-list\">\n<li>geboren am 5. April 1879 in Mainz<\/li>\n\n\n\n<li><a href=\"https:\/\/stolpersteine-mainz.de\/index.php\/leichte-sprache\/wichtige-begriffe\/deportieren\/\" target=\"_blank\" rel=\"noreferrer noopener\">deportiert<\/a> nach Piaski am 20. M\u00e4rz 1942<\/li>\n\n\n\n<li>ermordet<\/li>\n<\/ul>\n\n\n\n<br>\n\n\n\n<br>\n\n\n\n<div class=\"wp-block-columns is-layout-flex wp-container-core-columns-is-layout-9d6595d7 wp-block-columns-is-layout-flex\">\n<div class=\"wp-block-column is-layout-flow wp-block-column-is-layout-flow\" style=\"flex-basis:50%\">\n<h4 class=\"wp-block-heading\">Kindheit<\/h4>\n\n\n\n<br>\n\n\n\n<p>Johanna Sichel wurde am 5. April 1879 in Mainz geboren.<br>Ihr Vater war der Jude Aaron Moses Sichel.<br>Er hatte eine Fabrik f\u00fcr Kisten.<br>Die Familie lebte in der Margaretengasse 10.<\/p>\n\n\n\n<p>Mit 6 Jahren ging Johanna zu einer M\u00e4dchen-Schule.<br>Im Jahr 1889 wechselte Johanna zur H\u00f6heren M\u00e4dchen-Schule.<br>Die Schule hei\u00dft heute Frauenlob-Gymnasium-Mainz.<\/p>\n<\/div>\n\n\n\n<div class=\"wp-block-column is-layout-flow wp-block-column-is-layout-flow\" style=\"flex-basis:50%\">\n<figure class=\"wp-block-image size-large is-resized\"><img loading=\"lazy\" decoding=\"async\" src=\"https:\/\/stolpersteine-mainz.de\/wp-content\/uploads\/2023\/02\/Religionsunterricht-1024x1024.png\" alt=\"\" class=\"wp-image-3844\" width=\"371\" height=\"371\" srcset=\"https:\/\/stolpersteine-mainz.de\/wp-content\/uploads\/2023\/02\/Religionsunterricht-1024x1024.png 1024w, https:\/\/stolpersteine-mainz.de\/wp-content\/uploads\/2023\/02\/Religionsunterricht-300x300.png 300w, https:\/\/stolpersteine-mainz.de\/wp-content\/uploads\/2023\/02\/Religionsunterricht-150x150.png 150w, https:\/\/stolpersteine-mainz.de\/wp-content\/uploads\/2023\/02\/Religionsunterricht-768x768.png 768w, https:\/\/stolpersteine-mainz.de\/wp-content\/uploads\/2023\/02\/Religionsunterricht.png 1181w\" sizes=\"auto, (max-width: 371px) 100vw, 371px\" \/><figcaption class=\"wp-element-caption\"><sup>\u00a9 Inga Kramer, www.ingakramer.de<\/sup><\/figcaption><\/figure>\n<\/div>\n<\/div>\n\n\n\n<br>\n\n\n\n<div class=\"wp-block-columns is-layout-flex wp-container-core-columns-is-layout-9d6595d7 wp-block-columns-is-layout-flex\">\n<div class=\"wp-block-column is-layout-flow wp-block-column-is-layout-flow\" style=\"flex-basis:50%\">\n<p>Johanna wollte nach dem Abschluss Lehrerin werden.<br>Darum ging sie zum Gro\u00df-Herzoglichen-Lehrer-Seminar in Darmstadt.<br>Dort wurden Lehrer ausgebildet.<br>An Ostern im Jahr 1897 bestand Johanna die Pr\u00fcfung. Johanna war ein Jahr lang Hospitantin in ihrer<br>alten Schule.<br>Ein Hospitant ist \u00e4hnlich wie ein Praktikant.<br>Das hei\u00dft:<br>Die Person lernt den Berufs-Alltag kennen.<br><\/p>\n<\/div>\n\n\n\n<div class=\"wp-block-column is-layout-flow wp-block-column-is-layout-flow\" style=\"flex-basis:50%\"><\/div>\n<\/div>\n\n\n\n<p>Danach lebte Johanna 2 Jahre in England.<br>Denn sie wollte die Sprache Englisch besser sprechen.<\/p>\n\n\n\n<p>Johanna kam zur\u00fcck nach Deutschland.<br>Sie arbeitete 5 Jahre im Gesch\u00e4ft von ihrem Bruder.<br>Der Grund f\u00fcr die Warte-Zeit war vermutlich eine <a href=\"https:\/\/stolpersteine-mainz.de\/index.php\/leichte-sprache\/wichtige-begriffe\/antisemitisch\/\" target=\"_blank\" rel=\"noreferrer noopener\">antisemitische<\/a> Regel.<br>Die Regel war:<br>Juden d\u00fcrfen nur als Lehrer arbeiten,<br>wenn es zu wenige Lehrer gibt.<br>F\u00fcr das Fach <strong>Judentum<\/strong> gab es zu wenige Lehrer.<br>In dem Fach geht es um die Religion von den Juden.<br>Johanna Sichel durfte jetzt als Lehrerin arbeiten.<\/p>\n\n\n\n<div class=\"wp-block-columns is-layout-flex wp-container-core-columns-is-layout-9d6595d7 wp-block-columns-is-layout-flex\">\n<div class=\"wp-block-column is-layout-flow wp-block-column-is-layout-flow\">\n<p>Ihre F\u00e4cher waren an der H\u00f6heren M\u00e4dchen-Schule:<\/p>\n\n\n\n<ul class=\"wp-block-list\">\n<li>Englisch<\/li>\n\n\n\n<li>Deutsch<\/li>\n\n\n\n<li>Franz\u00f6sisch<\/li>\n\n\n\n<li>Judentum<\/li>\n<\/ul>\n\n\n\n<p>Die Sch\u00fcler und Kollegen mochten<br>Johanna Sichel.<\/p>\n<\/div>\n\n\n\n<div class=\"wp-block-column is-layout-flow wp-block-column-is-layout-flow\">\n<figure class=\"wp-block-image size-large\"><img loading=\"lazy\" decoding=\"async\" width=\"1024\" height=\"787\" src=\"https:\/\/stolpersteine-mainz.de\/wp-content\/uploads\/2021\/10\/Johanna-Sichel-bpsf382a-2-1024x787.jpg\" alt=\"\" class=\"wp-image-2337\" srcset=\"https:\/\/stolpersteine-mainz.de\/wp-content\/uploads\/2021\/10\/Johanna-Sichel-bpsf382a-2-1024x787.jpg 1024w, https:\/\/stolpersteine-mainz.de\/wp-content\/uploads\/2021\/10\/Johanna-Sichel-bpsf382a-2-300x230.jpg 300w, https:\/\/stolpersteine-mainz.de\/wp-content\/uploads\/2021\/10\/Johanna-Sichel-bpsf382a-2-768x590.jpg 768w, https:\/\/stolpersteine-mainz.de\/wp-content\/uploads\/2021\/10\/Johanna-Sichel-bpsf382a-2-1536x1180.jpg 1536w, https:\/\/stolpersteine-mainz.de\/wp-content\/uploads\/2021\/10\/Johanna-Sichel-bpsf382a-2-2048x1573.jpg 2048w, https:\/\/stolpersteine-mainz.de\/wp-content\/uploads\/2021\/10\/Johanna-Sichel-bpsf382a-2-150x115.jpg 150w\" sizes=\"auto, (max-width: 1024px) 100vw, 1024px\" \/><\/figure>\n<\/div>\n<\/div>\n\n\n\n<p>Im Jahr 1919 wechselte Johanna Sichel ihren Glauben.<br>Sie wurde Katholikin.<br>Ab dann unterrichtete Johanna das Fach Judentum <strong>nicht<\/strong> mehr.<\/p>\n\n\n\n<br>\n\n\n\n<h4 class=\"wp-block-heading\">Nach der <a rel=\"noreferrer noopener\" href=\"https:\/\/stolpersteine-mainz.de\/index.php\/leichte-sprache\/wichtige-begriffe\/macht-uebernahme\/\" target=\"_blank\">Macht-\u00dcbernahme<\/a><\/h4>\n\n\n\n<br>\n\n\n\n<p>Im Jahr 1933 gab es ein Gesetz:<br>Das <strong>Reichs-Gesetz zur Wieder-Herstellung des Berufs-Beamtentums<\/strong><br>Ziel von dem Gesetz war:<br>Juden sollen <strong>nicht<\/strong> mehr f\u00fcr den Staat arbeiten.<br>Johanna Sichel wurde entlassen.<\/p>\n\n\n\n<p>Im Jahr 1939 war Johanna Sichel 62 Jahre alt.<br>Sie bekam <strong>keine<\/strong> Rente.<\/p>\n\n\n\n<p>Johanna verdiente etwas Geld mit Privat-Unterricht.<br>Michael Scheurer war ihr Sch\u00fcler.<br>Ein Eltern-Teil war j\u00fcdisch und ein Eltern-Teil <strong>nicht<\/strong>-j\u00fcdisch.<br>Darum durfte Johanna Michael unterrichten.<br>Bis die Familie von Michael in ein anderes Land zog.<\/p>\n\n\n\n<p>Johanna Sichel musste in ein Judenhaus ziehen.<br>Das war ein Haus mit schlimmen Lebens-Bedingungen.<br>Juden wurden gezwungen,<br>in dem Haus zu leben.<br>Das Judenhaus war in der Taunusstra\u00dfe 31.<\/p>\n\n\n\n<br>\n\n\n\n<p>Am 20. M\u00e4rz 1942 wurde Johanna Sichel <a rel=\"noreferrer noopener\" href=\"https:\/\/stolpersteine-mainz.de\/index.php\/leichte-sprache\/wichtige-begriffe\/deportieren\/\" target=\"_blank\">deportiert<\/a>.<br>Die <a href=\"https:\/\/stolpersteine-mainz.de\/index.php\/leichte-sprache\/wichtige-begriffe\/nazi\/\" target=\"_blank\" rel=\"noreferrer noopener\">Nazis<\/a> brachten sie nach Piaski in Polen.<br>Johanna wurde ermordet.<br>Wir wissen <strong>nicht<\/strong>, wo sie ermordet wurde.<\/p>\n\n\n\n<br>\n\n\n\n<figure class=\"wp-block-image size-large is-resized\"><img loading=\"lazy\" decoding=\"async\" src=\"https:\/\/stolpersteine-mainz.de\/wp-content\/uploads\/2022\/04\/Johanna-Sichel-1019x1024.jpg\" alt=\"\" class=\"wp-image-2878\" width=\"506\" height=\"509\" srcset=\"https:\/\/stolpersteine-mainz.de\/wp-content\/uploads\/2022\/04\/Johanna-Sichel-1019x1024.jpg 1019w, https:\/\/stolpersteine-mainz.de\/wp-content\/uploads\/2022\/04\/Johanna-Sichel-150x150.jpg 150w, https:\/\/stolpersteine-mainz.de\/wp-content\/uploads\/2022\/04\/Johanna-Sichel-768x772.jpg 768w, https:\/\/stolpersteine-mainz.de\/wp-content\/uploads\/2022\/04\/Johanna-Sichel-1529x1536.jpg 1529w, https:\/\/stolpersteine-mainz.de\/wp-content\/uploads\/2022\/04\/Johanna-Sichel-2039x2048.jpg 2039w\" sizes=\"auto, (max-width: 506px) 100vw, 506px\" \/><figcaption class=\"wp-element-caption\">Stolperstein in der Rheinallee 3<\/figcaption><\/figure>\n\n\n\n<br>\n\n\n\n<h3 class=\"wp-block-heading\">J\u00fcdische Vornamen<\/h3>\n\n\n\n<br>\n\n\n\n<p>Ab dem Jahr 1937 gab es Regeln f\u00fcr die Namen von Juden.<br>Juden durften <strong>keine <\/strong>deutschen Vornamen haben.<br>Juden mussten die hebr\u00e4ische Form von dem Namen w\u00e4hlen.<br>Zum Beispiel:<br>Mirjam statt Maria<br>Einige Namen haben <strong>keine<\/strong> hebr\u00e4ische Form.<br>Dann musste der Jude einen 2. Vornamen haben:<\/p>\n\n\n\n<ul class=\"wp-block-list\">\n<li><strong>Israel<\/strong> f\u00fcr M\u00e4nner<\/li>\n\n\n\n<li><strong>Sara<\/strong> f\u00fcr Frauen<\/li>\n<\/ul>\n\n\n\n<br>\n\n\n\n<div class=\"wp-block-columns is-layout-flex wp-container-core-columns-is-layout-9d6595d7 wp-block-columns-is-layout-flex\">\n<div class=\"wp-block-column is-layout-flow wp-block-column-is-layout-flow\" style=\"flex-basis:50%\">\n<h4 class=\"wp-block-heading\">Was war das Ziel von dem Namens-Gesetz?<\/h4>\n\n\n\n<br>\n\n\n\n<p>Die <a href=\"https:\/\/stolpersteine-mainz.de\/index.php\/leichte-sprache\/wichtige-begriffe\/nazi\/\" target=\"_blank\" rel=\"noreferrer noopener\">Nazis<\/a> wollten Juden am Namen erkennen.<br>So konnten sie die Juden besser verfolgen und ermorden.<br>Ein Beispiel ist Johanna Sichel.<br>Sie musste sich <strong>Johanna Sara Sichel<\/strong> nennen.<br>Im Jahr 1939 machte Johanna einen Antrag:<br>Sie wollte wieder als Lehrerin arbeiten.<br>Der Schul-Direktor hat den Namen Sara unterstrichen.<br>Das zeigt:<br>Johanna Sichel war J\u00fcdin.<br>Darum durfte sie <strong>nicht<\/strong> als Lehrerin arbeiten.<\/p>\n<\/div>\n\n\n\n<div class=\"wp-block-column is-layout-flow wp-block-column-is-layout-flow\" style=\"flex-basis:50%\">\n<figure class=\"wp-block-image size-large is-resized\"><img loading=\"lazy\" decoding=\"async\" src=\"https:\/\/stolpersteine-mainz.de\/wp-content\/uploads\/2023\/02\/AB32_Johanna_Sichel_2_Ablehnung_1939-2-730x1024.jpg\" alt=\"\" class=\"wp-image-3845\" width=\"361\" height=\"505\" srcset=\"https:\/\/stolpersteine-mainz.de\/wp-content\/uploads\/2023\/02\/AB32_Johanna_Sichel_2_Ablehnung_1939-2-730x1024.jpg 730w, https:\/\/stolpersteine-mainz.de\/wp-content\/uploads\/2023\/02\/AB32_Johanna_Sichel_2_Ablehnung_1939-2-214x300.jpg 214w, https:\/\/stolpersteine-mainz.de\/wp-content\/uploads\/2023\/02\/AB32_Johanna_Sichel_2_Ablehnung_1939-2-768x1077.jpg 768w, https:\/\/stolpersteine-mainz.de\/wp-content\/uploads\/2023\/02\/AB32_Johanna_Sichel_2_Ablehnung_1939-2-1095x1536.jpg 1095w, https:\/\/stolpersteine-mainz.de\/wp-content\/uploads\/2023\/02\/AB32_Johanna_Sichel_2_Ablehnung_1939-2-1460x2048.jpg 1460w, https:\/\/stolpersteine-mainz.de\/wp-content\/uploads\/2023\/02\/AB32_Johanna_Sichel_2_Ablehnung_1939-2-107x150.jpg 107w, https:\/\/stolpersteine-mainz.de\/wp-content\/uploads\/2023\/02\/AB32_Johanna_Sichel_2_Ablehnung_1939-2-scaled.jpg 1825w\" sizes=\"auto, (max-width: 361px) 100vw, 361px\" \/><figcaption class=\"wp-element-caption\"><sup>\u00a9Bundesarchiv<\/sup><\/figcaption><\/figure>\n<\/div>\n<\/div>\n\n\n\n<br>\n\n\n\n<br>\n\n\n\n<div class=\"wp-block-file\"><a id=\"wp-block-file--media-14199393-0971-4a3c-b95e-8a30841c84f8\" href=\"https:\/\/stolpersteine-mainz.de\/wp-content\/uploads\/2023\/02\/Johanna-Sichel-Leichte-Sprache-V2-barrierefrei-2.pdf\">Hier finden Sie die barrierefreie PDF zum Herunterladen!<\/a><a href=\"https:\/\/stolpersteine-mainz.de\/wp-content\/uploads\/2023\/02\/Johanna-Sichel-Leichte-Sprache-V2-barrierefrei-2.pdf\" class=\"wp-block-file__button wp-element-button\" download aria-describedby=\"wp-block-file--media-14199393-0971-4a3c-b95e-8a30841c84f8\">Herunterladen<\/a><\/div>\n","protected":false},"excerpt":{"rendered":"<p>Wichtige Infos \u00fcber das Leben vonJohanna Sichel: Kindheit Johanna Sichel wurde am 5. April 1879 in Mainz geboren.Ihr Vater war der Jude Aaron Moses Sichel.Er hatte eine Fabrik f\u00fcr Kisten.Die Familie lebte in der Margaretengasse 10. Mit 6 Jahren ging Johanna zu einer M\u00e4dchen-Schule.Im Jahr 1889 wechselte Johanna zur H\u00f6heren&#8230;<\/p>\n<p> <a class=\"continue-reading-link\" href=\"https:\/\/stolpersteine-mainz.de\/index.php\/leichte-sprache\/lebens-geschichten\/johanna-sichel\/\"><span>mehr Infos<\/span><i class=\"crycon-right-dir\"><\/i><\/a> <\/p>\n","protected":false},"author":2,"featured_media":0,"parent":3942,"menu_order":0,"comment_status":"closed","ping_status":"closed","template":"","meta":{"ngg_post_thumbnail":0,"footnotes":""},"class_list":["post-3843","page","type-page","status-publish","hentry"],"_links":{"self":[{"href":"https:\/\/stolpersteine-mainz.de\/index.php\/wp-json\/wp\/v2\/pages\/3843","targetHints":{"allow":["GET"]}}],"collection":[{"href":"https:\/\/stolpersteine-mainz.de\/index.php\/wp-json\/wp\/v2\/pages"}],"about":[{"href":"https:\/\/stolpersteine-mainz.de\/index.php\/wp-json\/wp\/v2\/types\/page"}],"author":[{"embeddable":true,"href":"https:\/\/stolpersteine-mainz.de\/index.php\/wp-json\/wp\/v2\/users\/2"}],"replies":[{"embeddable":true,"href":"https:\/\/stolpersteine-mainz.de\/index.php\/wp-json\/wp\/v2\/comments?post=3843"}],"version-history":[{"count":11,"href":"https:\/\/stolpersteine-mainz.de\/index.php\/wp-json\/wp\/v2\/pages\/3843\/revisions"}],"predecessor-version":[{"id":4038,"href":"https:\/\/stolpersteine-mainz.de\/index.php\/wp-json\/wp\/v2\/pages\/3843\/revisions\/4038"}],"up":[{"embeddable":true,"href":"https:\/\/stolpersteine-mainz.de\/index.php\/wp-json\/wp\/v2\/pages\/3942"}],"wp:attachment":[{"href":"https:\/\/stolpersteine-mainz.de\/index.php\/wp-json\/wp\/v2\/media?parent=3843"}],"curies":[{"name":"wp","href":"https:\/\/api.w.org\/{rel}","templated":true}]}}