{"id":3692,"date":"2023-05-09T10:38:50","date_gmt":"2023-05-09T08:38:50","guid":{"rendered":"https:\/\/stolpersteine-mainz.de\/?page_id=3692"},"modified":"2025-09-26T12:41:47","modified_gmt":"2025-09-26T10:41:47","slug":"alice-stahn","status":"publish","type":"page","link":"https:\/\/stolpersteine-mainz.de\/index.php\/leichte-sprache\/lebens-geschichten\/alice-stahn\/","title":{"rendered":"Alice Stahn, geborene Friedmann"},"content":{"rendered":"\n<br>\n\n\n\n<h4 class=\"wp-block-heading\">Wichtige Infos \u00fcber das Leben von Alice Stahn: <\/h4>\n\n\n\n<br>\n\n\n\n<ul class=\"wp-block-list\">\n<li>geboren am 28. M\u00e4rz 1884 in Mainz<\/li>\n\n\n\n<li>im Jahr 1944 ins <a href=\"https:\/\/stolpersteine-mainz.de\/index.php\/leichte-sprache\/wichtige-begriffe\/konzentrations-lager\/\" target=\"_blank\" rel=\"noreferrer noopener\">Konzentrations-Lager<\/a> Theresienstadt gebracht<\/li>\n\n\n\n<li>im Jahr 1945 aus Theresienstadt befreit<\/li>\n\n\n\n<li>verstorben am 5. Januar 1955 in Wambach<\/li>\n<\/ul>\n\n\n\n<br>\n\n\n\n<figure class=\"wp-block-image size-large is-resized\"><img loading=\"lazy\" decoding=\"async\" width=\"788\" height=\"1024\" src=\"https:\/\/stolpersteine-mainz.de\/wp-content\/uploads\/2023\/02\/Alice-Therese-Stahn-geb.-Friedmann-Jugend_\u00a9privat-788x1024.jpg\" alt=\"\" class=\"wp-image-3696\" style=\"width:295px;height:383px\" srcset=\"https:\/\/stolpersteine-mainz.de\/wp-content\/uploads\/2023\/02\/Alice-Therese-Stahn-geb.-Friedmann-Jugend_\u00a9privat-788x1024.jpg 788w, https:\/\/stolpersteine-mainz.de\/wp-content\/uploads\/2023\/02\/Alice-Therese-Stahn-geb.-Friedmann-Jugend_\u00a9privat-231x300.jpg 231w, https:\/\/stolpersteine-mainz.de\/wp-content\/uploads\/2023\/02\/Alice-Therese-Stahn-geb.-Friedmann-Jugend_\u00a9privat-768x997.jpg 768w, https:\/\/stolpersteine-mainz.de\/wp-content\/uploads\/2023\/02\/Alice-Therese-Stahn-geb.-Friedmann-Jugend_\u00a9privat-1183x1536.jpg 1183w, https:\/\/stolpersteine-mainz.de\/wp-content\/uploads\/2023\/02\/Alice-Therese-Stahn-geb.-Friedmann-Jugend_\u00a9privat-1577x2048.jpg 1577w, https:\/\/stolpersteine-mainz.de\/wp-content\/uploads\/2023\/02\/Alice-Therese-Stahn-geb.-Friedmann-Jugend_\u00a9privat-115x150.jpg 115w, https:\/\/stolpersteine-mainz.de\/wp-content\/uploads\/2023\/02\/Alice-Therese-Stahn-geb.-Friedmann-Jugend_\u00a9privat-scaled.jpg 1971w\" sizes=\"auto, (max-width: 788px) 100vw, 788px\" \/><figcaption class=\"wp-element-caption\">Alice Stahn \u00a9 privat<\/figcaption><\/figure>\n\n\n\n<br>\n\n\n\n<h4 class=\"wp-block-heading\">Kindheit<\/h4>\n\n\n\n<br>\n\n\n\n<div class=\"wp-block-columns is-layout-flex wp-container-core-columns-is-layout-9d6595d7 wp-block-columns-is-layout-flex\">\n<div class=\"wp-block-column is-layout-flow wp-block-column-is-layout-flow\" style=\"flex-basis:66.66%\">\n<p>Alice Therese Friedmann wurde am 28. M\u00e4rz 1884 geboren.<br>Ihre Eltern wohnten zun\u00e4chst am Gutenbergplatz 6 in Mainz.<br>Sp\u00e4ter wohnten ihre Eltern am Schillerplatz 3 in Mainz.<br>Ihr Grab ist auf dem Neuen J\u00fcdischen Friedhof in Mainz.<\/p>\n\n\n\n<p>Alice war eine gute Sch\u00fclerin.<br>Sie hatte die Gesamt-Note 1.<br>Nach der Schule ging Alice in ein Internat.<br>Dort lernte sie Sprachen.<br>Alice war zu Besuch an der Uni.<br>Sie ging zur Frauen-Arbeits-Schule und Musik-Schule.<\/p>\n\n\n\n<p>Alice machte eine Berufs-Ausbildung als Kranken-Pflegerin.<br>Sie bestand die Pr\u00fcfung im Jahr 1902.<\/p>\n<\/div>\n\n\n\n<div class=\"wp-block-column is-layout-flow wp-block-column-is-layout-flow\" style=\"flex-basis:33.33%\">\n<figure class=\"wp-block-image size-large\"><img loading=\"lazy\" decoding=\"async\" width=\"1024\" height=\"768\" src=\"https:\/\/stolpersteine-mainz.de\/wp-content\/uploads\/2023\/02\/Grabstelle_Friedmann_\u00a9privat-1-1024x768.jpeg\" alt=\"\" class=\"wp-image-3779\" srcset=\"https:\/\/stolpersteine-mainz.de\/wp-content\/uploads\/2023\/02\/Grabstelle_Friedmann_\u00a9privat-1-1024x768.jpeg 1024w, https:\/\/stolpersteine-mainz.de\/wp-content\/uploads\/2023\/02\/Grabstelle_Friedmann_\u00a9privat-1-300x225.jpeg 300w, https:\/\/stolpersteine-mainz.de\/wp-content\/uploads\/2023\/02\/Grabstelle_Friedmann_\u00a9privat-1-768x576.jpeg 768w, https:\/\/stolpersteine-mainz.de\/wp-content\/uploads\/2023\/02\/Grabstelle_Friedmann_\u00a9privat-1-1536x1152.jpeg 1536w, https:\/\/stolpersteine-mainz.de\/wp-content\/uploads\/2023\/02\/Grabstelle_Friedmann_\u00a9privat-1-2048x1536.jpeg 2048w, https:\/\/stolpersteine-mainz.de\/wp-content\/uploads\/2023\/02\/Grabstelle_Friedmann_\u00a9privat-1-150x113.jpeg 150w\" sizes=\"auto, (max-width: 1024px) 100vw, 1024px\" \/><figcaption class=\"wp-element-caption\">Grab von den Eltern \u00a9 privat<\/figcaption><\/figure>\n<\/div>\n<\/div>\n\n\n\n<br>\n\n\n\n<h4 class=\"wp-block-heading\">Sch\u00f6nes Familien-Leben<\/h4>\n\n\n\n<br>\n\n\n\n<div class=\"wp-block-columns is-layout-flex wp-container-core-columns-is-layout-9d6595d7 wp-block-columns-is-layout-flex\">\n<div class=\"wp-block-column is-layout-flow wp-block-column-is-layout-flow\" style=\"flex-basis:66.66%\">\n<p>Alice heiratete Doktor Otto Maximilian Stahn<br>am 30. Juni 1906.<br>Er war Zahnarzt.<br>Alice arbeitete in der Praxis von ihrem Mann.<br>Doktor Stahn war <strong>nicht<\/strong> j\u00fcdisch.<\/p>\n\n\n\n<p>Alice und Otto bekamen 2 Kinder:<\/p>\n\n\n\n<ul class=\"wp-block-list\">\n<li>Heinz Otto, geboren am 26. Januar 1908<\/li>\n\n\n\n<li>Margot Maria Therese, geboren am 14. M\u00e4rz 1919<\/li>\n<\/ul>\n<\/div>\n\n\n\n<div class=\"wp-block-column is-layout-flow wp-block-column-is-layout-flow\" style=\"flex-basis:33.33%\">\n<figure class=\"wp-block-image size-large is-resized\"><img loading=\"lazy\" decoding=\"async\" width=\"711\" height=\"1024\" src=\"https:\/\/stolpersteine-mainz.de\/wp-content\/uploads\/2023\/02\/Dr.-Otto-Stahn-\u00a9-privat-1-711x1024.jpg\" alt=\"\" class=\"wp-image-3738\" style=\"width:208px;height:298px\" srcset=\"https:\/\/stolpersteine-mainz.de\/wp-content\/uploads\/2023\/02\/Dr.-Otto-Stahn-\u00a9-privat-1-711x1024.jpg 711w, https:\/\/stolpersteine-mainz.de\/wp-content\/uploads\/2023\/02\/Dr.-Otto-Stahn-\u00a9-privat-1-208x300.jpg 208w, https:\/\/stolpersteine-mainz.de\/wp-content\/uploads\/2023\/02\/Dr.-Otto-Stahn-\u00a9-privat-1-768x1106.jpg 768w, https:\/\/stolpersteine-mainz.de\/wp-content\/uploads\/2023\/02\/Dr.-Otto-Stahn-\u00a9-privat-1-1067x1536.jpg 1067w, https:\/\/stolpersteine-mainz.de\/wp-content\/uploads\/2023\/02\/Dr.-Otto-Stahn-\u00a9-privat-1-1422x2048.jpg 1422w, https:\/\/stolpersteine-mainz.de\/wp-content\/uploads\/2023\/02\/Dr.-Otto-Stahn-\u00a9-privat-1-104x150.jpg 104w, https:\/\/stolpersteine-mainz.de\/wp-content\/uploads\/2023\/02\/Dr.-Otto-Stahn-\u00a9-privat-1-scaled.jpg 1778w\" sizes=\"auto, (max-width: 711px) 100vw, 711px\" \/><figcaption class=\"wp-element-caption\">Ehemann Otto \u00a9 privat<\/figcaption><\/figure>\n<\/div>\n<\/div>\n\n\n\n<p><\/p>\n\n\n\n<br>\n\n\n\n<div class=\"wp-block-columns is-layout-flex wp-container-core-columns-is-layout-9d6595d7 wp-block-columns-is-layout-flex\">\n<div class=\"wp-block-column is-layout-flow wp-block-column-is-layout-flow\">\n<figure class=\"wp-block-image size-large is-resized\"><img loading=\"lazy\" decoding=\"async\" width=\"705\" height=\"1024\" src=\"https:\/\/stolpersteine-mainz.de\/wp-content\/uploads\/2023\/02\/Alice-mit-Sohn-Heinz-Otto-vor-der-Bauhofstrasse_\u00a9privat-705x1024.jpg\" alt=\"\" class=\"wp-image-3736\" style=\"width:291px;height:422px\" srcset=\"https:\/\/stolpersteine-mainz.de\/wp-content\/uploads\/2023\/02\/Alice-mit-Sohn-Heinz-Otto-vor-der-Bauhofstrasse_\u00a9privat-705x1024.jpg 705w, https:\/\/stolpersteine-mainz.de\/wp-content\/uploads\/2023\/02\/Alice-mit-Sohn-Heinz-Otto-vor-der-Bauhofstrasse_\u00a9privat-207x300.jpg 207w, https:\/\/stolpersteine-mainz.de\/wp-content\/uploads\/2023\/02\/Alice-mit-Sohn-Heinz-Otto-vor-der-Bauhofstrasse_\u00a9privat-768x1115.jpg 768w, https:\/\/stolpersteine-mainz.de\/wp-content\/uploads\/2023\/02\/Alice-mit-Sohn-Heinz-Otto-vor-der-Bauhofstrasse_\u00a9privat-1058x1536.jpg 1058w, https:\/\/stolpersteine-mainz.de\/wp-content\/uploads\/2023\/02\/Alice-mit-Sohn-Heinz-Otto-vor-der-Bauhofstrasse_\u00a9privat-1411x2048.jpg 1411w, https:\/\/stolpersteine-mainz.de\/wp-content\/uploads\/2023\/02\/Alice-mit-Sohn-Heinz-Otto-vor-der-Bauhofstrasse_\u00a9privat-103x150.jpg 103w, https:\/\/stolpersteine-mainz.de\/wp-content\/uploads\/2023\/02\/Alice-mit-Sohn-Heinz-Otto-vor-der-Bauhofstrasse_\u00a9privat-scaled.jpg 1764w\" sizes=\"auto, (max-width: 705px) 100vw, 705px\" \/><figcaption class=\"wp-element-caption\">Sohn Otto \u00a9 privat<\/figcaption><\/figure>\n<\/div>\n\n\n\n<div class=\"wp-block-column is-layout-flow wp-block-column-is-layout-flow\">\n<figure class=\"wp-block-image size-large is-resized\"><img loading=\"lazy\" decoding=\"async\" width=\"688\" height=\"1024\" src=\"https:\/\/stolpersteine-mainz.de\/wp-content\/uploads\/2023\/02\/Margot-Maria-Therese-Stahn_\u00a9-privat-688x1024.jpg\" alt=\"\" class=\"wp-image-3735\" style=\"width:278px;height:414px\" srcset=\"https:\/\/stolpersteine-mainz.de\/wp-content\/uploads\/2023\/02\/Margot-Maria-Therese-Stahn_\u00a9-privat-688x1024.jpg 688w, https:\/\/stolpersteine-mainz.de\/wp-content\/uploads\/2023\/02\/Margot-Maria-Therese-Stahn_\u00a9-privat-202x300.jpg 202w, https:\/\/stolpersteine-mainz.de\/wp-content\/uploads\/2023\/02\/Margot-Maria-Therese-Stahn_\u00a9-privat-768x1142.jpg 768w, https:\/\/stolpersteine-mainz.de\/wp-content\/uploads\/2023\/02\/Margot-Maria-Therese-Stahn_\u00a9-privat-1033x1536.jpg 1033w, https:\/\/stolpersteine-mainz.de\/wp-content\/uploads\/2023\/02\/Margot-Maria-Therese-Stahn_\u00a9-privat-1377x2048.jpg 1377w, https:\/\/stolpersteine-mainz.de\/wp-content\/uploads\/2023\/02\/Margot-Maria-Therese-Stahn_\u00a9-privat-101x150.jpg 101w, https:\/\/stolpersteine-mainz.de\/wp-content\/uploads\/2023\/02\/Margot-Maria-Therese-Stahn_\u00a9-privat-scaled.jpg 1721w\" sizes=\"auto, (max-width: 688px) 100vw, 688px\" \/><figcaption class=\"wp-element-caption\">Tochter Margot \u00a9 privat<\/figcaption><\/figure>\n<\/div>\n<\/div>\n\n\n\n<br>\n\n\n\n<div class=\"wp-block-columns is-layout-flex wp-container-core-columns-is-layout-9d6595d7 wp-block-columns-is-layout-flex\">\n<div class=\"wp-block-column is-layout-flow wp-block-column-is-layout-flow\" style=\"flex-basis:66.66%\">\n<br>\n\n\n\n<p>Familie Stahn hatte ein gutes Leben.<br>Er war ein beliebter Zahnarzt.<br>Die Familie hatte viele Hobbies:<\/p>\n\n\n\n<ul class=\"wp-block-list\">\n<li>Ausfl\u00fcge<\/li>\n\n\n\n<li>Theater und Konzerte <\/li>\n\n\n\n<li>Reiten <\/li>\n\n\n\n<li>Malen <\/li>\n<\/ul>\n<\/div>\n\n\n\n<div class=\"wp-block-column is-layout-flow wp-block-column-is-layout-flow\" style=\"flex-basis:33.33%\">\n<figure class=\"wp-block-image size-large is-resized\"><img loading=\"lazy\" decoding=\"async\" width=\"1024\" height=\"665\" src=\"https:\/\/stolpersteine-mainz.de\/wp-content\/uploads\/2023\/02\/Alice-Stahn-Hoch-zu-Ross_\u00a9privat-1024x665.jpg\" alt=\"\" class=\"wp-image-3742\" style=\"width:359px;height:233px\" srcset=\"https:\/\/stolpersteine-mainz.de\/wp-content\/uploads\/2023\/02\/Alice-Stahn-Hoch-zu-Ross_\u00a9privat-1024x665.jpg 1024w, https:\/\/stolpersteine-mainz.de\/wp-content\/uploads\/2023\/02\/Alice-Stahn-Hoch-zu-Ross_\u00a9privat-300x195.jpg 300w, https:\/\/stolpersteine-mainz.de\/wp-content\/uploads\/2023\/02\/Alice-Stahn-Hoch-zu-Ross_\u00a9privat-768x499.jpg 768w, https:\/\/stolpersteine-mainz.de\/wp-content\/uploads\/2023\/02\/Alice-Stahn-Hoch-zu-Ross_\u00a9privat-1536x997.jpg 1536w, https:\/\/stolpersteine-mainz.de\/wp-content\/uploads\/2023\/02\/Alice-Stahn-Hoch-zu-Ross_\u00a9privat-2048x1330.jpg 2048w, https:\/\/stolpersteine-mainz.de\/wp-content\/uploads\/2023\/02\/Alice-Stahn-Hoch-zu-Ross_\u00a9privat-150x97.jpg 150w\" sizes=\"auto, (max-width: 1024px) 100vw, 1024px\" \/><figcaption class=\"wp-element-caption\">Alice reitet \u00a9 privat<\/figcaption><\/figure>\n<\/div>\n<\/div>\n\n\n\n<br>\n\n\n\n<div class=\"wp-block-columns is-layout-flex wp-container-core-columns-is-layout-9d6595d7 wp-block-columns-is-layout-flex\">\n<div class=\"wp-block-column is-layout-flow wp-block-column-is-layout-flow\" style=\"flex-basis:66.66%\">\n<p>Familie Stahn zog im Jahr 1910 in die Bauhofstra\u00dfe 6.<br>Sie hatten viele G\u00e4ste.<br>Ein Dienstm\u00e4dchen arbeitete f\u00fcr die Familie.<\/p>\n\n\n\n<br>\n\n\n\n<br>\n\n\n\n<p>Otto Stahn musste im Ersten Weltkrieg k\u00e4mpfen.<br>Er war Hauptmann.<br>Alice Stahn wurde Leiterin einer Volks-K\u00fcche.<br>Eine Volks-K\u00fcche versorgte die Menschen mit Lebensmitteln.<br>Beide machten ihre Arbeit gut.<br>Beide bekamen Auszeichnungen.<\/p>\n\n\n\n<br>\n\n\n\n<p>Otto Stahn arbeitete nach dem Krieg weiter als Zahnarzt.<br>Im Jahr 1927 starb Otto Stahn bei einem Auto-Unfall.<\/p>\n\n\n\n<br>\n\n\n\n<p>Danach er\u00f6ffnete Alice Stahn zu Hause eine Praxis.<br>Sie hat medizinische Behandlungen angeboten.<br>Zum Beispiel: Massagen.<br>Alice Stahn war sehr beliebt.<br>Vor allem die Kinder mochten sie.<br>Alice verdiente gut und vermietete Zimmer in ihrem Haus.<br>Darum hatte die Familie genug Geld.<br>Der Sohn konnte Medizin studieren.<br>Die Tochter bekam eine gute <strong>Schul-Bildung<\/strong>.<\/p>\n<\/div>\n\n\n\n<div class=\"wp-block-column is-layout-flow wp-block-column-is-layout-flow\" style=\"flex-basis:33.33%\">\n<figure class=\"wp-block-image size-large is-resized\"><img loading=\"lazy\" decoding=\"async\" width=\"1024\" height=\"724\" src=\"https:\/\/stolpersteine-mainz.de\/wp-content\/uploads\/2023\/02\/Plan-Bauhofstrasse-6_\u00a9privat-1024x724.jpg\" alt=\"\" class=\"wp-image-3744\" style=\"width:364px;height:256px\" srcset=\"https:\/\/stolpersteine-mainz.de\/wp-content\/uploads\/2023\/02\/Plan-Bauhofstrasse-6_\u00a9privat-1024x724.jpg 1024w, https:\/\/stolpersteine-mainz.de\/wp-content\/uploads\/2023\/02\/Plan-Bauhofstrasse-6_\u00a9privat-300x212.jpg 300w, https:\/\/stolpersteine-mainz.de\/wp-content\/uploads\/2023\/02\/Plan-Bauhofstrasse-6_\u00a9privat-768x543.jpg 768w, https:\/\/stolpersteine-mainz.de\/wp-content\/uploads\/2023\/02\/Plan-Bauhofstrasse-6_\u00a9privat-1536x1086.jpg 1536w, https:\/\/stolpersteine-mainz.de\/wp-content\/uploads\/2023\/02\/Plan-Bauhofstrasse-6_\u00a9privat-2048x1448.jpg 2048w, https:\/\/stolpersteine-mainz.de\/wp-content\/uploads\/2023\/02\/Plan-Bauhofstrasse-6_\u00a9privat-150x106.jpg 150w\" sizes=\"auto, (max-width: 1024px) 100vw, 1024px\" \/><figcaption class=\"wp-element-caption\">Bauhofstra\u00dfe 6 \u00a9privat<\/figcaption><\/figure>\n\n\n\n<br>\n\n\n\n<br>\n\n\n\n<figure class=\"wp-block-image size-large is-resized\"><img loading=\"lazy\" decoding=\"async\" width=\"1024\" height=\"961\" src=\"https:\/\/stolpersteine-mainz.de\/wp-content\/uploads\/2023\/02\/Beerdigung-1024x961.png\" alt=\"\" class=\"wp-image-3749\" style=\"width:313px;height:293px\" srcset=\"https:\/\/stolpersteine-mainz.de\/wp-content\/uploads\/2023\/02\/Beerdigung-1024x961.png 1024w, https:\/\/stolpersteine-mainz.de\/wp-content\/uploads\/2023\/02\/Beerdigung-300x282.png 300w, https:\/\/stolpersteine-mainz.de\/wp-content\/uploads\/2023\/02\/Beerdigung-768x721.png 768w, https:\/\/stolpersteine-mainz.de\/wp-content\/uploads\/2023\/02\/Beerdigung-150x141.png 150w, https:\/\/stolpersteine-mainz.de\/wp-content\/uploads\/2023\/02\/Beerdigung.png 1317w\" sizes=\"auto, (max-width: 1024px) 100vw, 1024px\" \/><figcaption class=\"wp-element-caption\"><sup>\u00a9<a href=\"http:\/\/www.ingakramer.de\">Inga Kramer<\/a><\/sup><\/figcaption><\/figure>\n\n\n<\/div>\n<\/div>\n\n\n\n<br>\n\n\n\n<h4 class=\"wp-block-heading\">Nach der <a rel=\"noreferrer noopener\" href=\"https:\/\/stolpersteine-mainz.de\/index.php\/leichte-sprache\/wichtige-begriffe\/macht-uebernahme\/\" target=\"_blank\">Macht-\u00dcbernahme<\/a><\/h4>\n\n\n\n<br>\n\n\n\n<div class=\"wp-block-columns is-layout-flex wp-container-core-columns-is-layout-9d6595d7 wp-block-columns-is-layout-flex\">\n<div class=\"wp-block-column is-layout-flow wp-block-column-is-layout-flow\" style=\"flex-basis:66.66%\">\n<p>Im Jahr 1933 \u00fcbernahmen die <a href=\"https:\/\/stolpersteine-mainz.de\/index.php\/leichte-sprache\/wichtige-begriffe\/nazi\/\" target=\"_blank\" rel=\"noreferrer noopener\">Nazis<\/a> die Macht.<br>Die Juden verloren immer mehr Rechte.<br>Zum Beispiel:<br>J\u00fcdische \u00c4rzte durften <strong>keine<\/strong> Patienten mehr behandeln.<br>Darum musste Alice Stahn ihre Praxis schlie\u00dfen.<\/p>\n\n\n\n<p>Alice gab das Haus ihrer Tochter Margot.<\/p>\n\n\n\n<p>Aber das Haus wurde von Bomben zerst\u00f6rt.<\/p>\n\n\n\n<p>Am 8. September 1943 wurde Alice Stahn verhaftet.<br>Sie kam in <a href=\"https:\/\/stolpersteine-mainz.de\/index.php\/leichte-sprache\/wichtige-begriffe\/schutz-haft\/\" target=\"_blank\" rel=\"noreferrer noopener\">Schutz-Haft<\/a> bis zum 29. September 1943.<br>Am 10. Januar 1944 wurde Alice Stahn <a rel=\"noreferrer noopener\" href=\"https:\/\/stolpersteine-mainz.de\/index.php\/leichte-sprache\/wichtige-begriffe\/deportieren\/\" target=\"_blank\">deportiert<\/a>.<br>Sie kam ins <a rel=\"noreferrer noopener\" href=\"https:\/\/stolpersteine-mainz.de\/index.php\/leichte-sprache\/wichtige-begriffe\/konzentrations-lager\/\" target=\"_blank\">Konzentrations-Lager<\/a> Theresienstadt.<\/p>\n\n\n\n<p>Im <a href=\"https:\/\/stolpersteine-mainz.de\/index.php\/leichte-sprache\/wichtige-begriffe\/konzentrations-lager\/\" target=\"_blank\" rel=\"noreferrer noopener\">Konzentrations-Lager<\/a> wurde Alice Stahn bevorzugt behandelt.<br>Sie musste nur leichte Arbeiten machen.<br>Zum Beispiel als Pflegerin oder bei der Post.<br>Vielleicht wurde Alice Stahn wegen ihrem Ehemann bevorzugt.<br>Denn er war <strong>kein<\/strong> Jude.<br>Und er hatte im Krieg Auszeichnungen bekommen.<\/p>\n\n\n<\/div>\n\n\n\n<div class=\"wp-block-column is-layout-flow wp-block-column-is-layout-flow\" style=\"flex-basis:33.33%\">\n<br>\n\n\n\n<figure class=\"wp-block-image size-large is-resized\"><img loading=\"lazy\" decoding=\"async\" width=\"737\" height=\"1024\" src=\"https:\/\/stolpersteine-mainz.de\/wp-content\/uploads\/2023\/02\/Gefaengnis-737x1024.png\" alt=\"\" class=\"wp-image-3757\" style=\"width:292px;height:405px\" srcset=\"https:\/\/stolpersteine-mainz.de\/wp-content\/uploads\/2023\/02\/Gefaengnis-737x1024.png 737w, https:\/\/stolpersteine-mainz.de\/wp-content\/uploads\/2023\/02\/Gefaengnis-216x300.png 216w, https:\/\/stolpersteine-mainz.de\/wp-content\/uploads\/2023\/02\/Gefaengnis-768x1067.png 768w, https:\/\/stolpersteine-mainz.de\/wp-content\/uploads\/2023\/02\/Gefaengnis-108x150.png 108w, https:\/\/stolpersteine-mainz.de\/wp-content\/uploads\/2023\/02\/Gefaengnis.png 850w\" sizes=\"auto, (max-width: 737px) 100vw, 737px\" \/><figcaption class=\"wp-element-caption\"><sup>\u00a9<a href=\"http:\/\/www.ingakramer.de\">Inga Kramer<\/a><\/sup><\/figcaption><\/figure>\n<\/div>\n<\/div>\n\n\n\n<br>\n\n\n\n<div class=\"wp-block-columns is-layout-flex wp-container-core-columns-is-layout-9d6595d7 wp-block-columns-is-layout-flex\">\n<div class=\"wp-block-column is-layout-flow wp-block-column-is-layout-flow\" style=\"flex-basis:66.66%\">\n<p>Alice Stahn \u00fcberlebte das <a href=\"https:\/\/stolpersteine-mainz.de\/index.php\/leichte-sprache\/wichtige-begriffe\/konzentrations-lager\/\" target=\"_blank\" rel=\"noreferrer noopener\">Konzentrations-Lager<\/a>.<br>Im Jahr 1945 kam sie zur\u00fcck nach Mainz.<br>Sie wohnte im Stiftswingert 19.<br>Dort wohnte auch Michel Oppenheim mit seiner Frau.<br>Alice Stahn kannte Oppenheim von fr\u00fcher.<\/p>\n\n\n\n<p><br>Der B\u00fcrgermeister gab Alice am 12. Juli 1945 eine Genehmigung:<br>Sie durfte in Mainz wohnen.<br>Ihr wurde Essen zugeteilt.<\/p>\n\n\n\n<p>Nach dem Krieg musste Alice Stahn oft umziehen.<br>Zum Schluss lebte sie in Wambach.<br>Der Ort geh\u00f6rt heute zu der<br>Gemeinde Schlangenbad in Hessen.<br>Alice Stahn musste lange f\u00fcr ihre Rechte k\u00e4mpfen.<br>Dann wurde sie als rassisch Verfolgte anerkannt.<br>Sie bekam eine Rente als Entsch\u00e4digung.<\/p>\n\n\n\n<p>Alice Stahn starb am 5. Januar 1955.<br>Sie ist im Familien-Grab in Mainz begraben.<\/p>\n\n\n\n<p>Die Kinder von Alice Stahn \u00fcberlebten den Krieg.<br>Die Tochter Margot zog nach Amerika.<br>Sie starb am 22. Dezember 1988.<br>Der Sohn Heinz Otto arbeitete als Arzt.<br>Er starb im Jahr 1967.<\/p>\n<\/div>\n\n\n\n<div class=\"wp-block-column is-layout-flow wp-block-column-is-layout-flow\" style=\"flex-basis:33.33%\">\n<br>\n\n\n\n<br>\n\n\n\n<figure class=\"wp-block-image size-full is-resized\"><img loading=\"lazy\" decoding=\"async\" width=\"302\" height=\"450\" src=\"https:\/\/stolpersteine-mainz.de\/wp-content\/uploads\/2023\/02\/Alice-Stahn-vermutlich-in-den-50er-Jahren-.jpg\" alt=\"\" class=\"wp-image-3759\" style=\"width:252px;height:375px\" srcset=\"https:\/\/stolpersteine-mainz.de\/wp-content\/uploads\/2023\/02\/Alice-Stahn-vermutlich-in-den-50er-Jahren-.jpg 302w, https:\/\/stolpersteine-mainz.de\/wp-content\/uploads\/2023\/02\/Alice-Stahn-vermutlich-in-den-50er-Jahren--201x300.jpg 201w, https:\/\/stolpersteine-mainz.de\/wp-content\/uploads\/2023\/02\/Alice-Stahn-vermutlich-in-den-50er-Jahren--101x150.jpg 101w\" sizes=\"auto, (max-width: 302px) 100vw, 302px\" \/><figcaption class=\"wp-element-caption\">Alice Stahn \u00a9 privat<\/figcaption><\/figure>\n<\/div>\n<\/div>\n\n\n\n<br>\n\n\n\n<figure class=\"wp-block-image size-large is-resized\"><img loading=\"lazy\" decoding=\"async\" width=\"1024\" height=\"768\" src=\"https:\/\/stolpersteine-mainz.de\/wp-content\/uploads\/2023\/02\/Stolperstein_Alice_Stahn-\u00a9-privat-1024x768.jpeg\" alt=\"\" class=\"wp-image-3762\" style=\"width:442px;height:332px\" srcset=\"https:\/\/stolpersteine-mainz.de\/wp-content\/uploads\/2023\/02\/Stolperstein_Alice_Stahn-\u00a9-privat-1024x768.jpeg 1024w, https:\/\/stolpersteine-mainz.de\/wp-content\/uploads\/2023\/02\/Stolperstein_Alice_Stahn-\u00a9-privat-300x225.jpeg 300w, https:\/\/stolpersteine-mainz.de\/wp-content\/uploads\/2023\/02\/Stolperstein_Alice_Stahn-\u00a9-privat-768x576.jpeg 768w, https:\/\/stolpersteine-mainz.de\/wp-content\/uploads\/2023\/02\/Stolperstein_Alice_Stahn-\u00a9-privat-1536x1152.jpeg 1536w, https:\/\/stolpersteine-mainz.de\/wp-content\/uploads\/2023\/02\/Stolperstein_Alice_Stahn-\u00a9-privat-2048x1536.jpeg 2048w, https:\/\/stolpersteine-mainz.de\/wp-content\/uploads\/2023\/02\/Stolperstein_Alice_Stahn-\u00a9-privat-150x113.jpeg 150w\" sizes=\"auto, (max-width: 1024px) 100vw, 1024px\" \/><figcaption class=\"wp-element-caption\">Stolperstein in der Bauhofstra\u00dfe \u00a9 privat<\/figcaption><\/figure>\n\n\n\n<br>\n\n\n\n<h3 class=\"wp-block-heading\">Das <a href=\"https:\/\/stolpersteine-mainz.de\/index.php\/leichte-sprache\/wichtige-begriffe\/konzentrations-lager\/\" target=\"_blank\" rel=\"noreferrer noopener\">Konzentrations-Lager<\/a> Theresienstadt<\/h3>\n\n\n\n<br>\n\n\n\n<div class=\"wp-block-columns is-layout-flex wp-container-core-columns-is-layout-9d6595d7 wp-block-columns-is-layout-flex\">\n<div class=\"wp-block-column is-layout-flow wp-block-column-is-layout-flow\" style=\"flex-basis:66.66%\">\n<p>In Theresienstadt gab es ein besonderes <a rel=\"noreferrer noopener\" href=\"https:\/\/stolpersteine-mainz.de\/index.php\/leichte-sprache\/wichtige-begriffe\/konzentrations-lager\/\" target=\"_blank\">Konzentrations-Lager<\/a>.<br>Es war ein Vorzeige-Lager.<br>Die <a href=\"https:\/\/stolpersteine-mainz.de\/index.php\/leichte-sprache\/wichtige-begriffe\/nazi\/\" target=\"_blank\" rel=\"noreferrer noopener\">Nazis<\/a> sagten:<br>In dem Lager haben die Menschen es besonders gut.<br>Wir k\u00fcmmern uns um kranke und alte Menschen.<br>Hier gibt es Kinderg\u00e4rten, Parks und Konzerte.<br>Die <a href=\"https:\/\/stolpersteine-mainz.de\/index.php\/leichte-sprache\/wichtige-begriffe\/nazi\/\" target=\"_blank\" rel=\"noreferrer noopener\">Nazis<\/a> drehten Filme \u00fcber das Lager.<br>Sie wollten,<br>dass die Gesellschaft einen guten Eindruck hat.<\/p>\n\n\n\n<p>Aber das Lager war genauso schlimm wie alle anderen.<br>Menschen wurden gequ\u00e4lt und get\u00f6tet.<br>Es gab Zwangs-Arbeit.<br>Es gab schlechtes Essen.<br>Es gab Seuchen und Krankheiten.<\/p>\n\n\n\n<p>Im Jahr 1944 besuchte das Rote Kreuz das Lager.<br>Die <a href=\"https:\/\/stolpersteine-mainz.de\/index.php\/leichte-sprache\/wichtige-begriffe\/nazi\/\" target=\"_blank\" rel=\"noreferrer noopener\">Nazis<\/a> brachten schnell viele Menschen in andere Lager.<br>Denn das Lager war \u00fcberf\u00fcllt.<br>Das sollte das Rote Kreuz <strong>nicht<\/strong> sehen.<\/p>\n\n\n\n<p>Fast 150 Tausend Juden wurden in Theresienstadt:<br>&#8211; get\u00f6tet oder<br>&#8211; festgehalten, in andere Lager gebracht und dort get\u00f6tet.<br>Fast 500 von den get\u00f6teten Menschen kamen aus <strong>Mainz<\/strong>.<\/p>\n\n\n\n<p>Im Jahr 1945 wurde das Lager befreit.<br>Viele Menschen starben noch in Freiheit.<br>Denn es ging den Menschen sehr schlecht. 25 Menschen aus Mainz haben Theresienstadt \u00fcberlebt.<br>Eine von den Menschen war Alice Stahn.<br>Das stand am 26. Oktober 1945 in der Zeitung <strong>Aufbau<\/strong>.<\/p>\n<\/div>\n\n\n\n<div class=\"wp-block-column is-layout-flow wp-block-column-is-layout-flow\" style=\"flex-basis:33.33%\">\n<br>\n\n\n\n<br>\n\n\n\n<figure class=\"wp-block-image size-full is-resized\"><img loading=\"lazy\" decoding=\"async\" width=\"1024\" height=\"662\" src=\"https:\/\/stolpersteine-mainz.de\/wp-content\/uploads\/2023\/02\/Terezin_Czech_Republic_-_Theresienstadt_concentration_camp.jpg\" alt=\"\" class=\"wp-image-3773\" style=\"width:382px;height:247px\" srcset=\"https:\/\/stolpersteine-mainz.de\/wp-content\/uploads\/2023\/02\/Terezin_Czech_Republic_-_Theresienstadt_concentration_camp.jpg 1024w, https:\/\/stolpersteine-mainz.de\/wp-content\/uploads\/2023\/02\/Terezin_Czech_Republic_-_Theresienstadt_concentration_camp-300x194.jpg 300w, https:\/\/stolpersteine-mainz.de\/wp-content\/uploads\/2023\/02\/Terezin_Czech_Republic_-_Theresienstadt_concentration_camp-768x497.jpg 768w, https:\/\/stolpersteine-mainz.de\/wp-content\/uploads\/2023\/02\/Terezin_Czech_Republic_-_Theresienstadt_concentration_camp-150x97.jpg 150w\" sizes=\"auto, (max-width: 1024px) 100vw, 1024px\" \/><figcaption class=\"wp-element-caption\"><sup><a href=\"https:\/\/commons.wikimedia.org\/wiki\/File:Terezin_(Czech_Republic)_-_Theresienstadt_concentration_camp.JPG\">wikimedia<\/a><\/sup><\/figcaption><\/figure>\n<\/div>\n<\/div>\n\n\n\n<br>\n","protected":false},"excerpt":{"rendered":"<p>Wichtige Infos \u00fcber das Leben von Alice Stahn: Kindheit Alice Therese Friedmann wurde am 28. M\u00e4rz 1884 geboren.Ihre Eltern wohnten zun\u00e4chst am Gutenbergplatz 6 in Mainz.Sp\u00e4ter wohnten ihre Eltern am Schillerplatz 3 in Mainz.Ihr Grab ist auf dem Neuen J\u00fcdischen Friedhof in Mainz. Alice war eine gute Sch\u00fclerin.Sie hatte die&#8230;<\/p>\n<p> <a class=\"continue-reading-link\" href=\"https:\/\/stolpersteine-mainz.de\/index.php\/leichte-sprache\/lebens-geschichten\/alice-stahn\/\"><span>mehr Infos<\/span><i class=\"crycon-right-dir\"><\/i><\/a> <\/p>\n","protected":false},"author":2,"featured_media":0,"parent":3942,"menu_order":0,"comment_status":"closed","ping_status":"closed","template":"","meta":{"ngg_post_thumbnail":0,"footnotes":""},"class_list":["post-3692","page","type-page","status-publish","hentry"],"_links":{"self":[{"href":"https:\/\/stolpersteine-mainz.de\/index.php\/wp-json\/wp\/v2\/pages\/3692","targetHints":{"allow":["GET"]}}],"collection":[{"href":"https:\/\/stolpersteine-mainz.de\/index.php\/wp-json\/wp\/v2\/pages"}],"about":[{"href":"https:\/\/stolpersteine-mainz.de\/index.php\/wp-json\/wp\/v2\/types\/page"}],"author":[{"embeddable":true,"href":"https:\/\/stolpersteine-mainz.de\/index.php\/wp-json\/wp\/v2\/users\/2"}],"replies":[{"embeddable":true,"href":"https:\/\/stolpersteine-mainz.de\/index.php\/wp-json\/wp\/v2\/comments?post=3692"}],"version-history":[{"count":62,"href":"https:\/\/stolpersteine-mainz.de\/index.php\/wp-json\/wp\/v2\/pages\/3692\/revisions"}],"predecessor-version":[{"id":5787,"href":"https:\/\/stolpersteine-mainz.de\/index.php\/wp-json\/wp\/v2\/pages\/3692\/revisions\/5787"}],"up":[{"embeddable":true,"href":"https:\/\/stolpersteine-mainz.de\/index.php\/wp-json\/wp\/v2\/pages\/3942"}],"wp:attachment":[{"href":"https:\/\/stolpersteine-mainz.de\/index.php\/wp-json\/wp\/v2\/media?parent=3692"}],"curies":[{"name":"wp","href":"https:\/\/api.w.org\/{rel}","templated":true}]}}